{"id":25052,"date":"2025-02-28T10:55:33","date_gmt":"2025-02-28T09:55:33","guid":{"rendered":"http:\/\/www.afnebeta.org.mialias.net\/politica-de-privacidad\/"},"modified":"2026-04-13T08:31:20","modified_gmt":"2026-04-13T06:31:20","slug":"politica-de-privacidad","status":"publish","type":"page","link":"https:\/\/www.afne.org\/es\/politica-de-privacidad\/","title":{"rendered":"Pol\u00edtica de privacidad"},"content":{"rendered":"\t\t<div data-elementor-type=\"wp-page\" data-elementor-id=\"25052\" class=\"elementor elementor-25052 elementor-3\" data-elementor-post-type=\"page\">\n\t\t\t\t<div class=\"elementor-element elementor-element-83bb1f7 e-flex e-con-boxed e-con e-parent\" data-id=\"83bb1f7\" data-element_type=\"container\">\n\t\t\t\t\t<div class=\"e-con-inner\">\n\t\t\t\t<div class=\"elementor-element elementor-element-d872323 elementor-widget__width-initial elementor-widget elementor-widget-heading\" data-id=\"d872323\" data-element_type=\"widget\" data-widget_type=\"heading.default\">\n\t\t\t\t<div class=\"elementor-widget-container\">\n\t\t\t\t\t<h1 class=\"elementor-heading-title elementor-size-default\">Pol\u00edtica de privacidad<\/h1>\t\t\t\t<\/div>\n\t\t\t\t<\/div>\n\t\t\t\t<div class=\"elementor-element elementor-element-77024a5 elementor-widget-divider--separator-type-pattern elementor-widget-divider--no-spacing elementor-widget-divider--view-line elementor-widget elementor-widget-divider\" data-id=\"77024a5\" data-element_type=\"widget\" data-widget_type=\"divider.default\">\n\t\t\t\t<div class=\"elementor-widget-container\">\n\t\t\t\t\t\t\t<div class=\"elementor-divider\" style=\"--divider-pattern-url: url(&quot;data:image\/svg+xml,%3Csvg xmlns=&#039;http:\/\/www.w3.org\/2000\/svg&#039; preserveAspectRatio=&#039;xMidYMid meet&#039; overflow=&#039;visible&#039; height=&#039;100%&#039; viewBox=&#039;0 0 126 26&#039; fill=&#039;black&#039; stroke=&#039;none&#039;%3E%3Cpath d=&#039;M3,10.2c2.6,0,2.6,2,2.6,3.2S4.4,16.5,3,16.5s-3-1.4-3-3.2S0.4,10.2,3,10.2z M18.8,10.2c1.7,0,3.2,1.4,3.2,3.2s-1.4,3.2-3.2,3.2c-1.7,0-3.2-1.4-3.2-3.2S17,10.2,18.8,10.2z M34.6,10.2c1.5,0,2.6,1.4,2.6,3.2s-0.5,3.2-1.9,3.2c-1.5,0-3.4-1.4-3.4-3.2S33.1,10.2,34.6,10.2z M50.5,10.2c1.7,0,3.2,1.4,3.2,3.2s-1.4,3.2-3.2,3.2c-1.7,0-3.3-0.9-3.3-2.6S48.7,10.2,50.5,10.2z M66.2,10.2c1.5,0,3.4,1.4,3.4,3.2s-1.9,3.2-3.4,3.2c-1.5,0-2.6-0.4-2.6-2.1S64.8,10.2,66.2,10.2z M82.2,10.2c1.7,0.8,2.6,1.4,2.6,3.2s-0.1,3.2-1.6,3.2c-1.5,0-3.7-1.4-3.7-3.2S80.5,9.4,82.2,10.2zM98.6,10.2c1.5,0,2.6,0.4,2.6,2.1s-1.2,4.2-2.6,4.2c-1.5,0-3.7-0.4-3.7-2.1S97.1,10.2,98.6,10.2z M113.4,10.2c1.2,0,2.2,0.9,2.2,3.2s-0.1,3.2-1.3,3.2s-3.1-1.4-3.1-3.2S112.2,10.2,113.4,10.2z&#039;\/%3E%3C\/svg%3E&quot;);\">\n\t\t\t<span class=\"elementor-divider-separator\">\n\t\t\t\t\t\t<\/span>\n\t\t<\/div>\n\t\t\t\t\t\t<\/div>\n\t\t\t\t<\/div>\n\t\t\t\t\t<\/div>\n\t\t\t\t<\/div>\n\t\t<div class=\"elementor-element elementor-element-8a4b837 e-flex e-con-boxed e-con e-parent\" data-id=\"8a4b837\" data-element_type=\"container\" data-settings=\"{&quot;background_background&quot;:&quot;gradient&quot;}\">\n\t\t\t\t\t<div class=\"e-con-inner\">\n\t\t<div class=\"elementor-element elementor-element-bec2dc1 e-con-full e-flex e-con e-child\" data-id=\"bec2dc1\" data-element_type=\"container\">\n\t\t\t\t<div class=\"elementor-element elementor-element-90042a0 elementor-toc--minimized-on-tablet elementor-widget elementor-widget-table-of-contents\" data-id=\"90042a0\" data-element_type=\"widget\" data-settings=\"{&quot;headings_by_tags&quot;:[&quot;h2&quot;,&quot;h3&quot;],&quot;exclude_headings_by_selector&quot;:[],&quot;no_headings_message&quot;:&quot;No s&#039;ha trobat cap encap\\u00e7alament en aquesta p\\u00e0gina.&quot;,&quot;sticky&quot;:&quot;top&quot;,&quot;sticky_offset&quot;:120,&quot;sticky_parent&quot;:&quot;yes&quot;,&quot;marker_view&quot;:&quot;numbers&quot;,&quot;minimize_box&quot;:&quot;yes&quot;,&quot;minimized_on&quot;:&quot;tablet&quot;,&quot;hierarchical_view&quot;:&quot;yes&quot;,&quot;min_height&quot;:{&quot;unit&quot;:&quot;px&quot;,&quot;size&quot;:&quot;&quot;,&quot;sizes&quot;:[]},&quot;min_height_tablet&quot;:{&quot;unit&quot;:&quot;px&quot;,&quot;size&quot;:&quot;&quot;,&quot;sizes&quot;:[]},&quot;min_height_mobile&quot;:{&quot;unit&quot;:&quot;px&quot;,&quot;size&quot;:&quot;&quot;,&quot;sizes&quot;:[]},&quot;sticky_on&quot;:[&quot;desktop&quot;,&quot;tablet&quot;,&quot;mobile&quot;],&quot;sticky_effects_offset&quot;:0,&quot;sticky_anchor_link_offset&quot;:0}\" data-widget_type=\"table-of-contents.default\">\n\t\t\t\t<div class=\"elementor-widget-container\">\n\t\t\t\t\t\t\t\t\t<div class=\"elementor-toc__header\">\n\t\t\t\t\t\t<h4 class=\"elementor-toc__header-title\">\n\t\t\t\t\u00cdndex de continguts\t\t\t<\/h4>\n\t\t\t\t\t\t\t\t\t\t<div class=\"elementor-toc__toggle-button elementor-toc__toggle-button--expand\" role=\"button\" tabindex=\"0\" aria-controls=\"elementor-toc__90042a0\" aria-expanded=\"true\" aria-label=\"Abrir la tabla de contenidos\"><i aria-hidden=\"true\" class=\"fas fa-chevron-down\"><\/i><\/div>\n\t\t\t\t<div class=\"elementor-toc__toggle-button elementor-toc__toggle-button--collapse\" role=\"button\" tabindex=\"0\" aria-controls=\"elementor-toc__90042a0\" aria-expanded=\"true\" aria-label=\"Cerrar la tabla de contenidos\"><i aria-hidden=\"true\" class=\"fas fa-chevron-up\"><\/i><\/div>\n\t\t\t\t\t<\/div>\n\t\t\t\t<div id=\"elementor-toc__90042a0\" class=\"elementor-toc__body\">\n\t\t\t<div class=\"elementor-toc__spinner-container\">\n\t\t\t\t<i class=\"elementor-toc__spinner eicon-animation-spin eicon-loading\" aria-hidden=\"true\"><\/i>\t\t\t<\/div>\n\t\t<\/div>\n\t\t\t\t\t\t<\/div>\n\t\t\t\t<\/div>\n\t\t\t\t<\/div>\n\t\t<div class=\"elementor-element elementor-element-ee415e9 e-con-full e-flex e-con e-child\" data-id=\"ee415e9\" data-element_type=\"container\">\n\t\t\t\t<div class=\"elementor-element elementor-element-077c7a9 legal elementor-widget elementor-widget-text-editor\" data-id=\"077c7a9\" data-element_type=\"widget\" data-widget_type=\"text-editor.default\">\n\t\t\t\t<div class=\"elementor-widget-container\">\n\t\t\t\t\t\t\t\t\t<p>El dominio web <a href=\"http:\/\/afne.org\">afne.org<\/a> es propiedad de la <strong>ASSOCIACI\u00d3 DE FAM\u00cdLIES DE NENS I NENES D\u2019ETI\u00d2PIA (AFNE)<\/strong> y como responsable del tratamiento garantiza un nivel adecuado y coherente de protecci\u00f3n de las personas f\u00edsicas respecto a sus datos personales de acuerdo con lo establecido en el Reglamento Europeo de Protecci\u00f3n de datos 679\/2016 y la Ley Org\u00e1nica 3\/2018 de Protecci\u00f3n de Datos Personales y garant\u00eda de Derechos Digitales.<\/p><p>Tratar\u00e1 sus datos personales con total lealtad y compromiso seg\u00fan las bases jur\u00eddicas que permitan la licitud del tratamiento.<\/p><p>Para un mejor cumplimiento al reglamento 679\/2016 y la ley org\u00e1nica 3\/2018, se ha elaborado un registro de actividades de tratamiento y se han adoptado las medidas de seguridad tan t\u00e9cnicas como organizativas necesarias para garantizar los derechos y libertades de las personas afectadas por el tratamiento realizados por la <strong>ASSOCIACI\u00d3 DE FAM\u00cdLIES DE NENS I NENES D\u2019ETI\u00d2PIA<\/strong>.<\/p><p>Adem\u00e1s aplica el principio de transparencia en tratamiento de datos personales, facilitando a las personas una informaci\u00f3n concisa, f\u00e1cilmente accesible, completa y con un lenguaje f\u00e1cil de entender y a la vez facilitando el ejercicio de derechos por medio de formularios.<\/p><h2>Responsable del tratamiento<\/h2><p><strong>ASSOCIACI\u00d3 DE FAM\u00cdLIES DE NENS I NENES D\u2019ETI\u00d2PIA<\/strong><br><strong>\u2013 NIF:<\/strong> G63304208<br><strong>\u2013 Direcci\u00f3n postal:<\/strong> Avda. Diagonal 365 1-2, 08037 Barcelona <br><strong>\u2013 Tel\u00e9fono: <\/strong><a href=\"tel:%2093%20488%2034%2045\">93 488 34 45<\/a><br><strong>\u2013 Email:<\/strong> <a href=\"mailto:gestio@afne.org\">gestio@afne.org<\/a><\/p><h2>Finalidad del tratamiento y legitimaci\u00f3n:<\/h2><p>A trav\u00e9s de nuestro sitio web trataremos sus datos para las siguientes finalidades:<br>\u2013 Poder gestionar su solicitud de socio.<br>\u2013 Gestionar su inscripci\u00f3n para recibir clases de idiomas.<br>\u2013 Inscribirle en nuestras actividades.<br>Legitimados por el establecimiento de la relaci\u00f3n contractual que se fundamenta en el art\u00edculo 6.1.d del RGPD 679\/2016.<\/p><h2>Conservaci\u00f3n<\/h2><p>Sus datos ser\u00e1n conservados para poder llevar a cabo las finalidades por las cuales fueron recogidas y tratadas, una vez que estas finalicen se destruir\u00e1n y guardaremos \u00fanicamente los estrictamente necesarias para poder resolver reclamaciones.<br><br><br>Destinatarios de sus datos<br>Sus datos no ser\u00e1n cedidas a terceros, salvo que exista una obligaci\u00f3n legal que lo requiera.<\/p><h2>Derechos de los interesados<\/h2><p>Como usuario del web afne.org, la persona interesada tiene derecho a acceder, rectificar o solicitar la supresi\u00f3n de sus datos, cuando considere que ya no son necesarias por la finalidad por la cual fueron recogidas, y a solicitar la limitaci\u00f3n del tratamiento de las mismas y\/o portabilidad, que en tal caso solo se conservar\u00e1n las estrictamente necesarias para llevar a cabo el ejercicio de posibles reclamaciones. Para poder ejercer estos derechos se tiene que poner en contacto con la <strong>ASSOCIACI\u00d3 DE FAM\u00cdLIES DE NENS I NENES D\u2019ETI\u00d2PIA<\/strong> dirigi\u00e9ndose a <a href=\"mailto:gestio@afne.org\">gestio@afne.org<\/a><br>As\u00ed mismo, en caso de no estar satisfecho con la atenci\u00f3n de su solicitud de derechos, tiene derecho a presentar una reclamaci\u00f3n ante <a href=\"http:\/\/aepd.es\">www.aepd.es<\/a> <\/p>\t\t\t\t\t\t\t\t<\/div>\n\t\t\t\t<\/div>\n\t\t\t\t<\/div>\n\t\t\t\t\t<\/div>\n\t\t\t\t<\/div>\n\t\t\t\t<\/div>\n\t\t","protected":false},"excerpt":{"rendered":"<p>\u00cdndex de continguts El dominio web afne.org es propiedad de la ASSOCIACI\u00d3 DE FAM\u00cdLIES DE NENS I NENES D\u2019ETI\u00d2PIA (AFNE) y como responsable del tratamiento garantiza un nivel adecuado y coherente de protecci\u00f3n de las personas f\u00edsicas respecto a sus datos personales de acuerdo con lo establecido en el Reglamento Europeo de Protecci\u00f3n de datos [&hellip;]<\/p>\n","protected":false},"author":2,"featured_media":0,"parent":0,"menu_order":0,"comment_status":"closed","ping_status":"closed","template":"","meta":{"_acf_changed":false,"footnotes":""},"class_list":["post-25052","page","type-page","status-publish","hentry"],"acf":[],"yoast_head":"<!-- This site is optimized with the Yoast SEO plugin v26.4 - https:\/\/yoast.com\/wordpress\/plugins\/seo\/ -->\n<title>Pol\u00edtica de privacidad - AFNE<\/title>\n<meta name=\"robots\" content=\"index, follow, max-snippet:-1, max-image-preview:large, max-video-preview:-1\" \/>\n<link rel=\"canonical\" href=\"https:\/\/www.afne.org\/es\/politica-de-privacidad\/\" \/>\n<meta property=\"og:locale\" content=\"es_ES\" \/>\n<meta property=\"og:type\" content=\"article\" \/>\n<meta property=\"og:title\" content=\"Pol\u00edtica de privacidad - AFNE\" \/>\n<meta property=\"og:description\" content=\"\u00cdndex de continguts El dominio web afne.org es propiedad de la ASSOCIACI\u00d3 DE FAM\u00cdLIES DE NENS I NENES D\u2019ETI\u00d2PIA (AFNE) y como responsable del tratamiento garantiza un nivel adecuado y coherente de protecci\u00f3n de las personas f\u00edsicas respecto a sus datos personales de acuerdo con lo establecido en el Reglamento Europeo de Protecci\u00f3n de datos [&hellip;]\" \/>\n<meta property=\"og:url\" content=\"https:\/\/www.afne.org\/es\/politica-de-privacidad\/\" \/>\n<meta property=\"og:site_name\" content=\"AFNE\" \/>\n<meta property=\"article:publisher\" content=\"https:\/\/www.facebook.com\/afne.org\" \/>\n<meta property=\"article:modified_time\" content=\"2026-04-13T06:31:20+00:00\" \/>\n<meta name=\"twitter:card\" content=\"summary_large_image\" \/>\n<meta name=\"twitter:label1\" content=\"Tiempo de lectura\" \/>\n\t<meta name=\"twitter:data1\" content=\"2 minutos\" \/>\n<script type=\"application\/ld+json\" class=\"yoast-schema-graph\">{\"@context\":\"https:\/\/schema.org\",\"@graph\":[{\"@type\":\"WebPage\",\"@id\":\"https:\/\/www.afne.org\/es\/politica-de-privacidad\/\",\"url\":\"https:\/\/www.afne.org\/es\/politica-de-privacidad\/\",\"name\":\"Pol\u00edtica de privacidad - AFNE\",\"isPartOf\":{\"@id\":\"https:\/\/www.afne.org\/es\/#website\"},\"datePublished\":\"2025-02-28T09:55:33+00:00\",\"dateModified\":\"2026-04-13T06:31:20+00:00\",\"breadcrumb\":{\"@id\":\"https:\/\/www.afne.org\/es\/politica-de-privacidad\/#breadcrumb\"},\"inLanguage\":\"es\",\"potentialAction\":[{\"@type\":\"ReadAction\",\"target\":[\"https:\/\/www.afne.org\/es\/politica-de-privacidad\/\"]}]},{\"@type\":\"BreadcrumbList\",\"@id\":\"https:\/\/www.afne.org\/es\/politica-de-privacidad\/#breadcrumb\",\"itemListElement\":[{\"@type\":\"ListItem\",\"position\":1,\"name\":\"Inici\",\"item\":\"https:\/\/www.afne.org\/es\/\"},{\"@type\":\"ListItem\",\"position\":2,\"name\":\"Pol\u00edtica de privacidad\"}]},{\"@type\":\"WebSite\",\"@id\":\"https:\/\/www.afne.org\/es\/#website\",\"url\":\"https:\/\/www.afne.org\/es\/\",\"name\":\"AFNE\",\"description\":\"Units a Eti\u00f2pia\",\"publisher\":{\"@id\":\"https:\/\/www.afne.org\/es\/#organization\"},\"potentialAction\":[{\"@type\":\"SearchAction\",\"target\":{\"@type\":\"EntryPoint\",\"urlTemplate\":\"https:\/\/www.afne.org\/es\/?s={search_term_string}\"},\"query-input\":{\"@type\":\"PropertyValueSpecification\",\"valueRequired\":true,\"valueName\":\"search_term_string\"}}],\"inLanguage\":\"es\"},{\"@type\":\"Organization\",\"@id\":\"https:\/\/www.afne.org\/es\/#organization\",\"name\":\"Associaci\u00f3 de Fam\u00edlies de Nens i Nenes d\u2019Eti\u00f2pia\",\"url\":\"https:\/\/www.afne.org\/es\/\",\"logo\":{\"@type\":\"ImageObject\",\"inLanguage\":\"es\",\"@id\":\"https:\/\/www.afne.org\/es\/#\/schema\/logo\/image\/\",\"url\":\"https:\/\/www.afne.org\/wp-content\/uploads\/2025\/07\/logotip-afne.png\",\"contentUrl\":\"https:\/\/www.afne.org\/wp-content\/uploads\/2025\/07\/logotip-afne.png\",\"width\":200,\"height\":48,\"caption\":\"Associaci\u00f3 de Fam\u00edlies de Nens i Nenes d\u2019Eti\u00f2pia\"},\"image\":{\"@id\":\"https:\/\/www.afne.org\/es\/#\/schema\/logo\/image\/\"},\"sameAs\":[\"https:\/\/www.facebook.com\/afne.org\",\"https:\/\/www.instagram.com\/afne_etiopia\/\",\"https:\/\/www.youtube.com\/channel\/UCh-2Vrtq80T4SbmHu0u1Beg\",\"https:\/\/api.whatsapp.com\/message\/M2WZK3UT5QBFH1?autoload=1&app_absent=0\"]}]}<\/script>\n<!-- \/ Yoast SEO plugin. -->","yoast_head_json":{"title":"Pol\u00edtica de privacidad - AFNE","robots":{"index":"index","follow":"follow","max-snippet":"max-snippet:-1","max-image-preview":"max-image-preview:large","max-video-preview":"max-video-preview:-1"},"canonical":"https:\/\/www.afne.org\/es\/politica-de-privacidad\/","og_locale":"es_ES","og_type":"article","og_title":"Pol\u00edtica de privacidad - AFNE","og_description":"\u00cdndex de continguts El dominio web afne.org es propiedad de la ASSOCIACI\u00d3 DE FAM\u00cdLIES DE NENS I NENES D\u2019ETI\u00d2PIA (AFNE) y como responsable del tratamiento garantiza un nivel adecuado y coherente de protecci\u00f3n de las personas f\u00edsicas respecto a sus datos personales de acuerdo con lo establecido en el Reglamento Europeo de Protecci\u00f3n de datos [&hellip;]","og_url":"https:\/\/www.afne.org\/es\/politica-de-privacidad\/","og_site_name":"AFNE","article_publisher":"https:\/\/www.facebook.com\/afne.org","article_modified_time":"2026-04-13T06:31:20+00:00","twitter_card":"summary_large_image","twitter_misc":{"Tiempo de lectura":"2 minutos"},"schema":{"@context":"https:\/\/schema.org","@graph":[{"@type":"WebPage","@id":"https:\/\/www.afne.org\/es\/politica-de-privacidad\/","url":"https:\/\/www.afne.org\/es\/politica-de-privacidad\/","name":"Pol\u00edtica de privacidad - AFNE","isPartOf":{"@id":"https:\/\/www.afne.org\/es\/#website"},"datePublished":"2025-02-28T09:55:33+00:00","dateModified":"2026-04-13T06:31:20+00:00","breadcrumb":{"@id":"https:\/\/www.afne.org\/es\/politica-de-privacidad\/#breadcrumb"},"inLanguage":"es","potentialAction":[{"@type":"ReadAction","target":["https:\/\/www.afne.org\/es\/politica-de-privacidad\/"]}]},{"@type":"BreadcrumbList","@id":"https:\/\/www.afne.org\/es\/politica-de-privacidad\/#breadcrumb","itemListElement":[{"@type":"ListItem","position":1,"name":"Inici","item":"https:\/\/www.afne.org\/es\/"},{"@type":"ListItem","position":2,"name":"Pol\u00edtica de privacidad"}]},{"@type":"WebSite","@id":"https:\/\/www.afne.org\/es\/#website","url":"https:\/\/www.afne.org\/es\/","name":"AFNE","description":"Units a Eti\u00f2pia","publisher":{"@id":"https:\/\/www.afne.org\/es\/#organization"},"potentialAction":[{"@type":"SearchAction","target":{"@type":"EntryPoint","urlTemplate":"https:\/\/www.afne.org\/es\/?s={search_term_string}"},"query-input":{"@type":"PropertyValueSpecification","valueRequired":true,"valueName":"search_term_string"}}],"inLanguage":"es"},{"@type":"Organization","@id":"https:\/\/www.afne.org\/es\/#organization","name":"Associaci\u00f3 de Fam\u00edlies de Nens i Nenes d\u2019Eti\u00f2pia","url":"https:\/\/www.afne.org\/es\/","logo":{"@type":"ImageObject","inLanguage":"es","@id":"https:\/\/www.afne.org\/es\/#\/schema\/logo\/image\/","url":"https:\/\/www.afne.org\/wp-content\/uploads\/2025\/07\/logotip-afne.png","contentUrl":"https:\/\/www.afne.org\/wp-content\/uploads\/2025\/07\/logotip-afne.png","width":200,"height":48,"caption":"Associaci\u00f3 de Fam\u00edlies de Nens i Nenes d\u2019Eti\u00f2pia"},"image":{"@id":"https:\/\/www.afne.org\/es\/#\/schema\/logo\/image\/"},"sameAs":["https:\/\/www.facebook.com\/afne.org","https:\/\/www.instagram.com\/afne_etiopia\/","https:\/\/www.youtube.com\/channel\/UCh-2Vrtq80T4SbmHu0u1Beg","https:\/\/api.whatsapp.com\/message\/M2WZK3UT5QBFH1?autoload=1&app_absent=0"]}]}},"_links":{"self":[{"href":"https:\/\/www.afne.org\/es\/wp-json\/wp\/v2\/pages\/25052","targetHints":{"allow":["GET"]}}],"collection":[{"href":"https:\/\/www.afne.org\/es\/wp-json\/wp\/v2\/pages"}],"about":[{"href":"https:\/\/www.afne.org\/es\/wp-json\/wp\/v2\/types\/page"}],"author":[{"embeddable":true,"href":"https:\/\/www.afne.org\/es\/wp-json\/wp\/v2\/users\/2"}],"replies":[{"embeddable":true,"href":"https:\/\/www.afne.org\/es\/wp-json\/wp\/v2\/comments?post=25052"}],"version-history":[{"count":1,"href":"https:\/\/www.afne.org\/es\/wp-json\/wp\/v2\/pages\/25052\/revisions"}],"predecessor-version":[{"id":25053,"href":"https:\/\/www.afne.org\/es\/wp-json\/wp\/v2\/pages\/25052\/revisions\/25053"}],"wp:attachment":[{"href":"https:\/\/www.afne.org\/es\/wp-json\/wp\/v2\/media?parent=25052"}],"curies":[{"name":"wp","href":"https:\/\/api.w.org\/{rel}","templated":true}]}}