{"id":24501,"date":"2025-08-21T14:39:09","date_gmt":"2025-08-21T12:39:09","guid":{"rendered":"http:\/\/www.afnebeta.org.mialias.net\/postadopcion\/"},"modified":"2026-04-13T08:31:23","modified_gmt":"2026-04-13T06:31:23","slug":"postadopcion","status":"publish","type":"page","link":"https:\/\/www.afne.org\/es\/familias\/postadopcion\/","title":{"rendered":"Postadopci\u00f3n"},"content":{"rendered":"\t\t<div data-elementor-type=\"wp-page\" data-elementor-id=\"24501\" class=\"elementor elementor-24501 elementor-15913\" data-elementor-post-type=\"page\">\n\t\t\t\t<div class=\"elementor-element elementor-element-2c1218b e-flex e-con-boxed e-con e-parent\" data-id=\"2c1218b\" data-element_type=\"container\" data-settings=\"{&quot;background_background&quot;:&quot;classic&quot;,&quot;shape_divider_bottom&quot;:&quot;waves&quot;}\">\n\t\t\t\t\t<div class=\"e-con-inner\">\n\t\t\t\t<div class=\"elementor-shape elementor-shape-bottom\" aria-hidden=\"true\" data-negative=\"false\">\n\t\t\t<svg xmlns=\"http:\/\/www.w3.org\/2000\/svg\" viewBox=\"0 0 1000 100\" preserveAspectRatio=\"none\">\n\t<path class=\"elementor-shape-fill\" d=\"M421.9,6.5c22.6-2.5,51.5,0.4,75.5,5.3c23.6,4.9,70.9,23.5,100.5,35.7c75.8,32.2,133.7,44.5,192.6,49.7\n\tc23.6,2.1,48.7,3.5,103.4-2.5c54.7-6,106.2-25.6,106.2-25.6V0H0v30.3c0,0,72,32.6,158.4,30.5c39.2-0.7,92.8-6.7,134-22.4\n\tc21.2-8.1,52.2-18.2,79.7-24.2C399.3,7.9,411.6,7.5,421.9,6.5z\"\/>\n<\/svg>\t\t<\/div>\n\t\t<div class=\"elementor-element elementor-element-92a3ace e-con-full animated-slow e-flex elementor-invisible e-con e-child\" data-id=\"92a3ace\" data-element_type=\"container\" data-settings=\"{&quot;animation&quot;:&quot;fadeIn&quot;,&quot;animation_mobile&quot;:&quot;fadeInUp&quot;}\">\n\t\t\t\t<div class=\"elementor-element elementor-element-3682f71 elementor-invisible elementor-widget elementor-widget-heading\" data-id=\"3682f71\" data-element_type=\"widget\" data-settings=\"{&quot;_animation&quot;:&quot;fadeInUp&quot;}\" data-widget_type=\"heading.default\">\n\t\t\t\t<div class=\"elementor-widget-container\">\n\t\t\t\t\t<h2 class=\"elementor-heading-title elementor-size-default\">Acompa\u00f1amiento y recursos para las familias<\/h2>\t\t\t\t<\/div>\n\t\t\t\t<\/div>\n\t\t\t\t<div class=\"elementor-element elementor-element-e047488 elementor-widget-divider--separator-type-pattern elementor-widget-divider--no-spacing elementor-widget-divider--view-line elementor-widget elementor-widget-divider\" data-id=\"e047488\" data-element_type=\"widget\" data-settings=\"{&quot;_animation&quot;:&quot;none&quot;}\" data-widget_type=\"divider.default\">\n\t\t\t\t<div class=\"elementor-widget-container\">\n\t\t\t\t\t\t\t<div class=\"elementor-divider\" style=\"--divider-pattern-url: url(&quot;data:image\/svg+xml,%3Csvg xmlns=&#039;http:\/\/www.w3.org\/2000\/svg&#039; preserveAspectRatio=&#039;xMidYMid meet&#039; overflow=&#039;visible&#039; height=&#039;100%&#039; viewBox=&#039;0 0 126 26&#039; fill=&#039;black&#039; stroke=&#039;none&#039;%3E%3Cpath d=&#039;M3,10.2c2.6,0,2.6,2,2.6,3.2S4.4,16.5,3,16.5s-3-1.4-3-3.2S0.4,10.2,3,10.2z M18.8,10.2c1.7,0,3.2,1.4,3.2,3.2s-1.4,3.2-3.2,3.2c-1.7,0-3.2-1.4-3.2-3.2S17,10.2,18.8,10.2z M34.6,10.2c1.5,0,2.6,1.4,2.6,3.2s-0.5,3.2-1.9,3.2c-1.5,0-3.4-1.4-3.4-3.2S33.1,10.2,34.6,10.2z M50.5,10.2c1.7,0,3.2,1.4,3.2,3.2s-1.4,3.2-3.2,3.2c-1.7,0-3.3-0.9-3.3-2.6S48.7,10.2,50.5,10.2z M66.2,10.2c1.5,0,3.4,1.4,3.4,3.2s-1.9,3.2-3.4,3.2c-1.5,0-2.6-0.4-2.6-2.1S64.8,10.2,66.2,10.2z M82.2,10.2c1.7,0.8,2.6,1.4,2.6,3.2s-0.1,3.2-1.6,3.2c-1.5,0-3.7-1.4-3.7-3.2S80.5,9.4,82.2,10.2zM98.6,10.2c1.5,0,2.6,0.4,2.6,2.1s-1.2,4.2-2.6,4.2c-1.5,0-3.7-0.4-3.7-2.1S97.1,10.2,98.6,10.2z M113.4,10.2c1.2,0,2.2,0.9,2.2,3.2s-0.1,3.2-1.3,3.2s-3.1-1.4-3.1-3.2S112.2,10.2,113.4,10.2z&#039;\/%3E%3C\/svg%3E&quot;);\">\n\t\t\t<span class=\"elementor-divider-separator\">\n\t\t\t\t\t\t<\/span>\n\t\t<\/div>\n\t\t\t\t\t\t<\/div>\n\t\t\t\t<\/div>\n\t\t\t\t<div class=\"elementor-element elementor-element-db66101 elementor-widget__width-initial elementor-widget elementor-widget-text-editor\" data-id=\"db66101\" data-element_type=\"widget\" data-widget_type=\"text-editor.default\">\n\t\t\t\t<div class=\"elementor-widget-container\">\n\t\t\t\t\t\t\t\t\t<p>La postadopci\u00f3n es una etapa clave que va mucho m\u00e1s all\u00e1 de la llegada de un ni\u00f1o a la familia. En AFNE ofrecemos informaci\u00f3n y recursos para que las familias adoptivas puedan contar con apoyo en temas tan diversos como la salud de los ni\u00f1os, los seguimientos postadoptivos o la b\u00fasqueda de los or\u00edgenes y el viaje de regreso. <\/p><p>Queremos que este espacio sea un punto de referencia en el que encontrar orientaci\u00f3n, experiencias y herramientas que ayuden a vivir la adopci\u00f3n con serenidad y confianza.<\/p>\t\t\t\t\t\t\t\t<\/div>\n\t\t\t\t<\/div>\n\t\t\t\t<\/div>\n\t\t<div class=\"elementor-element elementor-element-9d15fa9 e-con-full e-flex e-con e-child\" data-id=\"9d15fa9\" data-element_type=\"container\">\n\t\t<div class=\"elementor-element elementor-element-b4189d4 e-con-full e-flex e-con e-child\" data-id=\"b4189d4\" data-element_type=\"container\">\n\t\t<div class=\"elementor-element elementor-element-ef4c418 e-con-full e-flex elementor-invisible e-con e-child\" data-id=\"ef4c418\" data-element_type=\"container\" data-settings=\"{&quot;background_background&quot;:&quot;classic&quot;,&quot;animation&quot;:&quot;fadeInLeft&quot;}\">\n\t\t\t\t<div class=\"elementor-element elementor-element-bd87d5c elementor-position-left elementor-view-default elementor-mobile-position-top elementor-widget elementor-widget-icon-box\" data-id=\"bd87d5c\" data-element_type=\"widget\" data-widget_type=\"icon-box.default\">\n\t\t\t\t<div class=\"elementor-widget-container\">\n\t\t\t\t\t\t\t<div class=\"elementor-icon-box-wrapper\">\n\n\t\t\t\t\t\t<div class=\"elementor-icon-box-icon\">\n\t\t\t\t<span  class=\"elementor-icon\">\n\t\t\t\t<i aria-hidden=\"true\" class=\"fas fa-user-friends\"><\/i>\t\t\t\t<\/span>\n\t\t\t<\/div>\n\t\t\t\n\t\t\t\t\t\t<div class=\"elementor-icon-box-content\">\n\n\t\t\t\t\t\t\t\t\t<h3 class=\"elementor-icon-box-title\">\n\t\t\t\t\t\t<span  >\n\t\t\t\t\t\t\tLa salud de los ni\u00f1os y ni\u00f1as\t\t\t\t\t\t<\/span>\n\t\t\t\t\t<\/h3>\n\t\t\t\t\n\t\t\t\t\t\t\t\t\t<p class=\"elementor-icon-box-description\">\n\t\t\t\t\t\tInformaci\u00f3n y orientaci\u00f3n sobre aspectos m\u00e9dicos y de salud vinculados a la adopci\u00f3n.\t\t\t\t\t<\/p>\n\t\t\t\t\n\t\t\t<\/div>\n\t\t\t\n\t\t<\/div>\n\t\t\t\t\t\t<\/div>\n\t\t\t\t<\/div>\n\t\t\t\t<div class=\"elementor-element elementor-element-ce23133 elementor-view-default elementor-widget elementor-widget-icon\" data-id=\"ce23133\" data-element_type=\"widget\" data-widget_type=\"icon.default\">\n\t\t\t\t<div class=\"elementor-widget-container\">\n\t\t\t\t\t\t\t<div class=\"elementor-icon-wrapper\">\n\t\t\t<a class=\"elementor-icon elementor-animation-pulse\" href=\"#salut-nens-nenes\">\n\t\t\t<svg xmlns=\"http:\/\/www.w3.org\/2000\/svg\" id=\"Outline\" viewBox=\"0 0 24 24\" width=\"512\" height=\"512\"><path d=\"M23.12,9.91,19.25,6a1,1,0,0,0-1.42,0h0a1,1,0,0,0,0,1.41L21.39,11H1a1,1,0,0,0-1,1H0a1,1,0,0,0,1,1H21.45l-3.62,3.61a1,1,0,0,0,0,1.42h0a1,1,0,0,0,1.42,0l3.87-3.88A3,3,0,0,0,23.12,9.91Z\"><\/path><\/svg>\t\t\t<\/a>\n\t\t<\/div>\n\t\t\t\t\t\t<\/div>\n\t\t\t\t<\/div>\n\t\t\t\t<\/div>\n\t\t<div class=\"elementor-element elementor-element-2b1a92b e-con-full e-flex elementor-invisible e-con e-child\" data-id=\"2b1a92b\" data-element_type=\"container\" data-settings=\"{&quot;background_background&quot;:&quot;classic&quot;,&quot;animation&quot;:&quot;fadeInLeft&quot;}\">\n\t\t\t\t<div class=\"elementor-element elementor-element-5869a57 elementor-position-left elementor-view-default elementor-mobile-position-top elementor-widget elementor-widget-icon-box\" data-id=\"5869a57\" data-element_type=\"widget\" data-widget_type=\"icon-box.default\">\n\t\t\t\t<div class=\"elementor-widget-container\">\n\t\t\t\t\t\t\t<div class=\"elementor-icon-box-wrapper\">\n\n\t\t\t\t\t\t<div class=\"elementor-icon-box-icon\">\n\t\t\t\t<span  class=\"elementor-icon\">\n\t\t\t\t<i aria-hidden=\"true\" class=\"fas fa-user-friends\"><\/i>\t\t\t\t<\/span>\n\t\t\t<\/div>\n\t\t\t\n\t\t\t\t\t\t<div class=\"elementor-icon-box-content\">\n\n\t\t\t\t\t\t\t\t\t<h3 class=\"elementor-icon-box-title\">\n\t\t\t\t\t\t<span  >\n\t\t\t\t\t\t\tSeguimientos postadoptivos\t\t\t\t\t\t<\/span>\n\t\t\t\t\t<\/h3>\n\t\t\t\t\n\t\t\t\t\t\t\t\t\t<p class=\"elementor-icon-box-description\">\n\t\t\t\t\t\tAcompa\u00f1amos a las familias en el proceso de seguimiento postadoptivo con recursos y asesoramiento\t\t\t\t\t<\/p>\n\t\t\t\t\n\t\t\t<\/div>\n\t\t\t\n\t\t<\/div>\n\t\t\t\t\t\t<\/div>\n\t\t\t\t<\/div>\n\t\t\t\t<div class=\"elementor-element elementor-element-7ebb581 elementor-view-default elementor-widget elementor-widget-icon\" data-id=\"7ebb581\" data-element_type=\"widget\" data-widget_type=\"icon.default\">\n\t\t\t\t<div class=\"elementor-widget-container\">\n\t\t\t\t\t\t\t<div class=\"elementor-icon-wrapper\">\n\t\t\t<a class=\"elementor-icon elementor-animation-pulse\" href=\"#seguiments-postadoptius\">\n\t\t\t<svg xmlns=\"http:\/\/www.w3.org\/2000\/svg\" id=\"Outline\" viewBox=\"0 0 24 24\" width=\"512\" height=\"512\"><path d=\"M23.12,9.91,19.25,6a1,1,0,0,0-1.42,0h0a1,1,0,0,0,0,1.41L21.39,11H1a1,1,0,0,0-1,1H0a1,1,0,0,0,1,1H21.45l-3.62,3.61a1,1,0,0,0,0,1.42h0a1,1,0,0,0,1.42,0l3.87-3.88A3,3,0,0,0,23.12,9.91Z\"><\/path><\/svg>\t\t\t<\/a>\n\t\t<\/div>\n\t\t\t\t\t\t<\/div>\n\t\t\t\t<\/div>\n\t\t\t\t<\/div>\n\t\t<div class=\"elementor-element elementor-element-a42b519 e-con-full e-flex elementor-invisible e-con e-child\" data-id=\"a42b519\" data-element_type=\"container\" data-settings=\"{&quot;background_background&quot;:&quot;classic&quot;,&quot;animation&quot;:&quot;fadeInLeft&quot;}\">\n\t\t\t\t<div class=\"elementor-element elementor-element-d407b4e elementor-position-left elementor-view-default elementor-mobile-position-top elementor-widget elementor-widget-icon-box\" data-id=\"d407b4e\" data-element_type=\"widget\" data-widget_type=\"icon-box.default\">\n\t\t\t\t<div class=\"elementor-widget-container\">\n\t\t\t\t\t\t\t<div class=\"elementor-icon-box-wrapper\">\n\n\t\t\t\t\t\t<div class=\"elementor-icon-box-icon\">\n\t\t\t\t<span  class=\"elementor-icon\">\n\t\t\t\t<i aria-hidden=\"true\" class=\"fas fa-user-friends\"><\/i>\t\t\t\t<\/span>\n\t\t\t<\/div>\n\t\t\t\n\t\t\t\t\t\t<div class=\"elementor-icon-box-content\">\n\n\t\t\t\t\t\t\t\t\t<h3 class=\"elementor-icon-box-title\">\n\t\t\t\t\t\t<span  >\n\t\t\t\t\t\t\tB\u00fasqueda de or\u00edgenes y viaje de regreso\t\t\t\t\t\t<\/span>\n\t\t\t\t\t<\/h3>\n\t\t\t\t\n\t\t\t\t\t\t\t\t\t<p class=\"elementor-icon-box-description\">\n\t\t\t\t\t\tApoyo en el camino de conocer los or\u00edgenes y en la preparaci\u00f3n de los viajes de regreso a Etiop\u00eda.\t\t\t\t\t<\/p>\n\t\t\t\t\n\t\t\t<\/div>\n\t\t\t\n\t\t<\/div>\n\t\t\t\t\t\t<\/div>\n\t\t\t\t<\/div>\n\t\t\t\t<div class=\"elementor-element elementor-element-e8370d3 elementor-view-default elementor-widget elementor-widget-icon\" data-id=\"e8370d3\" data-element_type=\"widget\" data-widget_type=\"icon.default\">\n\t\t\t\t<div class=\"elementor-widget-container\">\n\t\t\t\t\t\t\t<div class=\"elementor-icon-wrapper\">\n\t\t\t<a class=\"elementor-icon elementor-animation-pulse\" href=\"#recerca-origens\">\n\t\t\t<svg xmlns=\"http:\/\/www.w3.org\/2000\/svg\" id=\"Outline\" viewBox=\"0 0 24 24\" width=\"512\" height=\"512\"><path d=\"M23.12,9.91,19.25,6a1,1,0,0,0-1.42,0h0a1,1,0,0,0,0,1.41L21.39,11H1a1,1,0,0,0-1,1H0a1,1,0,0,0,1,1H21.45l-3.62,3.61a1,1,0,0,0,0,1.42h0a1,1,0,0,0,1.42,0l3.87-3.88A3,3,0,0,0,23.12,9.91Z\"><\/path><\/svg>\t\t\t<\/a>\n\t\t<\/div>\n\t\t\t\t\t\t<\/div>\n\t\t\t\t<\/div>\n\t\t\t\t<\/div>\n\t\t\t\t<\/div>\n\t\t\t\t<\/div>\n\t\t\t\t\t<\/div>\n\t\t\t\t<\/div>\n\t\t<div class=\"elementor-element elementor-element-4fa6e74 e-flex e-con-boxed e-con e-parent\" data-id=\"4fa6e74\" data-element_type=\"container\" id=\"salut-nens-nenes\" data-settings=\"{&quot;shape_divider_bottom&quot;:&quot;waves&quot;,&quot;animation_mobile&quot;:&quot;fadeInUp&quot;}\">\n\t\t\t\t\t<div class=\"e-con-inner\">\n\t\t\t\t<div class=\"elementor-shape elementor-shape-bottom\" aria-hidden=\"true\" data-negative=\"false\">\n\t\t\t<svg xmlns=\"http:\/\/www.w3.org\/2000\/svg\" viewBox=\"0 0 1000 100\" preserveAspectRatio=\"none\">\n\t<path class=\"elementor-shape-fill\" d=\"M421.9,6.5c22.6-2.5,51.5,0.4,75.5,5.3c23.6,4.9,70.9,23.5,100.5,35.7c75.8,32.2,133.7,44.5,192.6,49.7\n\tc23.6,2.1,48.7,3.5,103.4-2.5c54.7-6,106.2-25.6,106.2-25.6V0H0v30.3c0,0,72,32.6,158.4,30.5c39.2-0.7,92.8-6.7,134-22.4\n\tc21.2-8.1,52.2-18.2,79.7-24.2C399.3,7.9,411.6,7.5,421.9,6.5z\"\/>\n<\/svg>\t\t<\/div>\n\t\t<div class=\"elementor-element elementor-element-b6211c4 e-con-full e-flex elementor-invisible e-con e-child\" data-id=\"b6211c4\" data-element_type=\"container\" data-settings=\"{&quot;animation&quot;:&quot;fadeIn&quot;}\">\n\t\t\t\t<div class=\"elementor-element elementor-element-32be576 elementor-widget__width-initial elementor-widget elementor-widget-heading\" data-id=\"32be576\" data-element_type=\"widget\" data-widget_type=\"heading.default\">\n\t\t\t\t<div class=\"elementor-widget-container\">\n\t\t\t\t\t<h2 class=\"elementor-heading-title elementor-size-default\">La Salud de los Ni\u00f1os y Ni\u00f1as que vienen de Etiop\u00eda\n<\/h2>\t\t\t\t<\/div>\n\t\t\t\t<\/div>\n\t\t\t\t<div class=\"elementor-element elementor-element-28e4a07 elementor-widget-divider--separator-type-pattern elementor-widget-divider--no-spacing elementor-widget-divider--view-line elementor-widget elementor-widget-divider\" data-id=\"28e4a07\" data-element_type=\"widget\" data-settings=\"{&quot;_animation&quot;:&quot;none&quot;}\" data-widget_type=\"divider.default\">\n\t\t\t\t<div class=\"elementor-widget-container\">\n\t\t\t\t\t\t\t<div class=\"elementor-divider\" style=\"--divider-pattern-url: url(&quot;data:image\/svg+xml,%3Csvg xmlns=&#039;http:\/\/www.w3.org\/2000\/svg&#039; preserveAspectRatio=&#039;xMidYMid meet&#039; overflow=&#039;visible&#039; height=&#039;100%&#039; viewBox=&#039;0 0 126 26&#039; fill=&#039;black&#039; stroke=&#039;none&#039;%3E%3Cpath d=&#039;M3,10.2c2.6,0,2.6,2,2.6,3.2S4.4,16.5,3,16.5s-3-1.4-3-3.2S0.4,10.2,3,10.2z M18.8,10.2c1.7,0,3.2,1.4,3.2,3.2s-1.4,3.2-3.2,3.2c-1.7,0-3.2-1.4-3.2-3.2S17,10.2,18.8,10.2z M34.6,10.2c1.5,0,2.6,1.4,2.6,3.2s-0.5,3.2-1.9,3.2c-1.5,0-3.4-1.4-3.4-3.2S33.1,10.2,34.6,10.2z M50.5,10.2c1.7,0,3.2,1.4,3.2,3.2s-1.4,3.2-3.2,3.2c-1.7,0-3.3-0.9-3.3-2.6S48.7,10.2,50.5,10.2z M66.2,10.2c1.5,0,3.4,1.4,3.4,3.2s-1.9,3.2-3.4,3.2c-1.5,0-2.6-0.4-2.6-2.1S64.8,10.2,66.2,10.2z M82.2,10.2c1.7,0.8,2.6,1.4,2.6,3.2s-0.1,3.2-1.6,3.2c-1.5,0-3.7-1.4-3.7-3.2S80.5,9.4,82.2,10.2zM98.6,10.2c1.5,0,2.6,0.4,2.6,2.1s-1.2,4.2-2.6,4.2c-1.5,0-3.7-0.4-3.7-2.1S97.1,10.2,98.6,10.2z M113.4,10.2c1.2,0,2.2,0.9,2.2,3.2s-0.1,3.2-1.3,3.2s-3.1-1.4-3.1-3.2S112.2,10.2,113.4,10.2z&#039;\/%3E%3C\/svg%3E&quot;);\">\n\t\t\t<span class=\"elementor-divider-separator\">\n\t\t\t\t\t\t<\/span>\n\t\t<\/div>\n\t\t\t\t\t\t<\/div>\n\t\t\t\t<\/div>\n\t\t\t\t<div class=\"elementor-element elementor-element-ca50428 elementor-widget__width-initial elementor-widget elementor-widget-text-editor\" data-id=\"ca50428\" data-element_type=\"widget\" data-widget_type=\"text-editor.default\">\n\t\t\t\t<div class=\"elementor-widget-container\">\n\t\t\t\t\t\t\t\t\t<p>A grandes rasgos, podr\u00edamos decir que, afortunadamente, los ni\u00f1os y las ni\u00f1as que vienen por adopci\u00f3n de Etiop\u00eda no sufren enfermedades graves y que, incluso, gozan de una buena salud. Hemos visto que, parad\u00f3jicamente, los que pasan m\u00e1s tiempo en el orfanato son los que suelen tener m\u00e1s enfermedades. Esto suele ser as\u00ed porque los que han pasado tiempo con los padres biol\u00f3gicos han sido, en general, bien atendidos en el seno de la familia. En el orfanato es m\u00e1s f\u00e1cil la transmisi\u00f3n de enfermedades infecciosas por el contacto estrecho entre los ni\u00f1os. Otros factores que influyen son la edad de los ni\u00f1os y las ni\u00f1as (contra m\u00e1s peque\u00f1os, menos defensas y m\u00e1s posibilidad de coger enfermedades graves) y el tiempo que pasan en el orfanato.    <\/p>\t\t\t\t\t\t\t\t<\/div>\n\t\t\t\t<\/div>\n\t\t\t\t<div class=\"elementor-element elementor-element-97315cc elementor-widget__width-initial elementor-widget elementor-widget-text-editor\" data-id=\"97315cc\" data-element_type=\"widget\" data-widget_type=\"text-editor.default\">\n\t\t\t\t<div class=\"elementor-widget-container\">\n\t\t\t\t\t\t\t\t\t<p>Ante una fiebre persistente, pensar en la posibilidad del paludismo (o malaria) dado que algunas zonas de Etiop\u00eda son de riesgo.<\/p><p>Hay que decir, sin embargo, que los ni\u00f1os est\u00e1n habitualmente sanos, que esto s\u00f3lo es una lista de posibilidades que nos hemos encontrado y que, en cualquier caso, todas pueden tener un tratamiento adecuado aqu\u00ed.<\/p>\t\t\t\t\t\t\t\t<\/div>\n\t\t\t\t<\/div>\n\t\t\t\t<div class=\"elementor-element elementor-element-108866f elementor-widget elementor-widget-n-accordion\" data-id=\"108866f\" data-element_type=\"widget\" data-settings=\"{&quot;default_state&quot;:&quot;all_collapsed&quot;,&quot;max_items_expended&quot;:&quot;one&quot;,&quot;n_accordion_animation_duration&quot;:{&quot;unit&quot;:&quot;ms&quot;,&quot;size&quot;:400,&quot;sizes&quot;:[]}}\" data-widget_type=\"nested-accordion.default\">\n\t\t\t\t<div class=\"elementor-widget-container\">\n\t\t\t\t\t\t\t<div class=\"e-n-accordion\" aria-label=\"Accordion. Open links with Enter or Space, close with Escape, and navigate with Arrow Keys\">\n\t\t\t\t\t\t<details id=\"e-n-accordion-item-1730\" class=\"e-n-accordion-item\" >\n\t\t\t\t<summary class=\"e-n-accordion-item-title\" data-accordion-index=\"1\" tabindex=\"0\" aria-expanded=\"false\" aria-controls=\"e-n-accordion-item-1730\" >\n\t\t\t\t\t<span class='e-n-accordion-item-title-header'><h3 class=\"e-n-accordion-item-title-text\"> Protocolo sanitario <\/h3><\/span>\n\t\t\t\t\t\t\t<span class='e-n-accordion-item-title-icon'>\n\t\t\t<span class='e-opened' ><i aria-hidden=\"true\" class=\"fas fa-chevron-up\"><\/i><\/span>\n\t\t\t<span class='e-closed'><i aria-hidden=\"true\" class=\"fas fa-chevron-down\"><\/i><\/span>\n\t\t<\/span>\n\n\t\t\t\t\t\t<\/summary>\n\t\t\t\t<div role=\"region\" aria-labelledby=\"e-n-accordion-item-1730\" class=\"elementor-element elementor-element-a94c43e e-con-full e-flex e-con e-child\" data-id=\"a94c43e\" data-element_type=\"container\" data-settings=\"{&quot;background_background&quot;:&quot;classic&quot;}\">\n\t\t\t\t<div class=\"elementor-element elementor-element-04b9bc3 elementor-widget__width-initial elementor-widget elementor-widget-text-editor\" data-id=\"04b9bc3\" data-element_type=\"widget\" data-widget_type=\"text-editor.default\">\n\t\t\t\t<div class=\"elementor-widget-container\">\n\t\t\t\t\t\t\t\t\t<p>En cuanto son asignados a una familia adoptiva, los ni\u00f1os suelen estar en una casa de acogida donde se les garantiza una alimentaci\u00f3n correcta y son visitados por un m\u00e9dico, que sigue el siguiente protocolo sanitario:<\/p>\t\t\t\t\t\t\t\t<\/div>\n\t\t\t\t<\/div>\n\t\t\t\t<div class=\"elementor-element elementor-element-245462d elementor-widget elementor-widget-n-accordion\" data-id=\"245462d\" data-element_type=\"widget\" data-settings=\"{&quot;default_state&quot;:&quot;all_collapsed&quot;,&quot;max_items_expended&quot;:&quot;one&quot;,&quot;n_accordion_animation_duration&quot;:{&quot;unit&quot;:&quot;ms&quot;,&quot;size&quot;:400,&quot;sizes&quot;:[]}}\" data-widget_type=\"nested-accordion.default\">\n\t\t\t\t<div class=\"elementor-widget-container\">\n\t\t\t\t\t\t\t<div class=\"e-n-accordion\" aria-label=\"Accordion. Open links with Enter or Space, close with Escape, and navigate with Arrow Keys\">\n\t\t\t\t\t\t<details id=\"e-n-accordion-item-3800\" class=\"e-n-accordion-item\" >\n\t\t\t\t<summary class=\"e-n-accordion-item-title\" data-accordion-index=\"1\" tabindex=\"0\" aria-expanded=\"false\" aria-controls=\"e-n-accordion-item-3800\" >\n\t\t\t\t\t<span class='e-n-accordion-item-title-header'><div class=\"e-n-accordion-item-title-text\"> Higiene <\/div><\/span>\n\t\t\t\t\t\t\t<span class='e-n-accordion-item-title-icon'>\n\t\t\t<span class='e-opened' ><i aria-hidden=\"true\" class=\"fas fa-chevron-up\"><\/i><\/span>\n\t\t\t<span class='e-closed'><i aria-hidden=\"true\" class=\"fas fa-chevron-down\"><\/i><\/span>\n\t\t<\/span>\n\n\t\t\t\t\t\t<\/summary>\n\t\t\t\t<div role=\"region region\" aria-labelledby=\"e-n-accordion-item-1730 e-n-accordion-item-3800\" class=\"elementor-element elementor-element-27b68d0 e-con-full e-flex e-con e-child\" data-id=\"27b68d0\" data-element_type=\"container\">\n\t\t\t\t<div class=\"elementor-element elementor-element-c4c533d elementor-widget elementor-widget-text-editor\" data-id=\"c4c533d\" data-element_type=\"widget\" data-widget_type=\"text-editor.default\">\n\t\t\t\t<div class=\"elementor-widget-container\">\n\t\t\t\t\t\t\t\t\t<p>Un buen lavado y jabonado de pies a cabeza.<\/p>\t\t\t\t\t\t\t\t<\/div>\n\t\t\t\t<\/div>\n\t\t\t\t<\/div>\n\t\t\t\t\t<\/details>\n\t\t\t\t\t\t<details id=\"e-n-accordion-item-3801\" class=\"e-n-accordion-item\" >\n\t\t\t\t<summary class=\"e-n-accordion-item-title\" data-accordion-index=\"2\" tabindex=\"-1\" aria-expanded=\"false\" aria-controls=\"e-n-accordion-item-3801\" >\n\t\t\t\t\t<span class='e-n-accordion-item-title-header'><div class=\"e-n-accordion-item-title-text\"> Desparasitaci\u00f3n <\/div><\/span>\n\t\t\t\t\t\t\t<span class='e-n-accordion-item-title-icon'>\n\t\t\t<span class='e-opened' ><i aria-hidden=\"true\" class=\"fas fa-chevron-up\"><\/i><\/span>\n\t\t\t<span class='e-closed'><i aria-hidden=\"true\" class=\"fas fa-chevron-down\"><\/i><\/span>\n\t\t<\/span>\n\n\t\t\t\t\t\t<\/summary>\n\t\t\t\t<div role=\"region region\" aria-labelledby=\"e-n-accordion-item-1730 e-n-accordion-item-3801\" class=\"elementor-element elementor-element-57abaea e-con-full e-flex e-con e-child\" data-id=\"57abaea\" data-element_type=\"container\">\n\t\t\t\t<div class=\"elementor-element elementor-element-321ddef elementor-widget elementor-widget-text-editor\" data-id=\"321ddef\" data-element_type=\"widget\" data-widget_type=\"text-editor.default\">\n\t\t\t\t<div class=\"elementor-widget-container\">\n\t\t\t\t\t\t\t\t\t<p>Tratamiento de par\u00e1sitos intestinales y de la piel (piojos, sarna).<\/p>\t\t\t\t\t\t\t\t<\/div>\n\t\t\t\t<\/div>\n\t\t\t\t<\/div>\n\t\t\t\t\t<\/details>\n\t\t\t\t\t\t<details id=\"e-n-accordion-item-3802\" class=\"e-n-accordion-item\" >\n\t\t\t\t<summary class=\"e-n-accordion-item-title\" data-accordion-index=\"3\" tabindex=\"-1\" aria-expanded=\"false\" aria-controls=\"e-n-accordion-item-3802\" >\n\t\t\t\t\t<span class='e-n-accordion-item-title-header'><div class=\"e-n-accordion-item-title-text\"> Tratamiento de lesiones cut\u00e1neas <\/div><\/span>\n\t\t\t\t\t\t\t<span class='e-n-accordion-item-title-icon'>\n\t\t\t<span class='e-opened' ><i aria-hidden=\"true\" class=\"fas fa-chevron-up\"><\/i><\/span>\n\t\t\t<span class='e-closed'><i aria-hidden=\"true\" class=\"fas fa-chevron-down\"><\/i><\/span>\n\t\t<\/span>\n\n\t\t\t\t\t\t<\/summary>\n\t\t\t\t<div role=\"region region\" aria-labelledby=\"e-n-accordion-item-1730 e-n-accordion-item-3802\" class=\"elementor-element elementor-element-217c34a e-con-full e-flex e-con e-child\" data-id=\"217c34a\" data-element_type=\"container\">\n\t\t\t\t<div class=\"elementor-element elementor-element-ab52f99 elementor-widget elementor-widget-text-editor\" data-id=\"ab52f99\" data-element_type=\"widget\" data-widget_type=\"text-editor.default\">\n\t\t\t\t<div class=\"elementor-widget-container\">\n\t\t\t\t\t\t\t\t\t<p>Dermatitis, hongos, llagas, etc.<\/p>\t\t\t\t\t\t\t\t<\/div>\n\t\t\t\t<\/div>\n\t\t\t\t<\/div>\n\t\t\t\t\t<\/details>\n\t\t\t\t\t\t<details id=\"e-n-accordion-item-3803\" class=\"e-n-accordion-item\" >\n\t\t\t\t<summary class=\"e-n-accordion-item-title\" data-accordion-index=\"4\" tabindex=\"-1\" aria-expanded=\"false\" aria-controls=\"e-n-accordion-item-3803\" >\n\t\t\t\t\t<span class='e-n-accordion-item-title-header'><div class=\"e-n-accordion-item-title-text\"> Vacunaci\u00f3n <\/div><\/span>\n\t\t\t\t\t\t\t<span class='e-n-accordion-item-title-icon'>\n\t\t\t<span class='e-opened' ><i aria-hidden=\"true\" class=\"fas fa-chevron-up\"><\/i><\/span>\n\t\t\t<span class='e-closed'><i aria-hidden=\"true\" class=\"fas fa-chevron-down\"><\/i><\/span>\n\t\t<\/span>\n\n\t\t\t\t\t\t<\/summary>\n\t\t\t\t<div role=\"region region\" aria-labelledby=\"e-n-accordion-item-1730 e-n-accordion-item-3803\" class=\"elementor-element elementor-element-0544080 e-con-full e-flex e-con e-child\" data-id=\"0544080\" data-element_type=\"container\">\n\t\t\t\t<div class=\"elementor-element elementor-element-7f1e5df elementor-widget elementor-widget-text-editor\" data-id=\"7f1e5df\" data-element_type=\"widget\" data-widget_type=\"text-editor.default\">\n\t\t\t\t<div class=\"elementor-widget-container\">\n\t\t\t\t\t\t\t\t\t<p>Se suele empezar en Etiop\u00eda, en funci\u00f3n de la edad del ni\u00f1o. De todas maneras es aconsejable, al llegar aqu\u00ed, llevarlo al pediatra para asegurar una buena cobertura vacunal con un calendario adecuado a la edad y vacunaciones previas. Al entrar en el orfanato, a partir de los 2 meses, se les vacuna de la difteria, t\u00e9tanos y poliomielitis; a partir del a\u00f1o de vida de la hepatitis A, entre los 6 y 15 meses (normalmente los 9 meses en \u00c1frica) del sarampi\u00f3n, a partir de los 15 meses, la triple v\u00edrica (sarampi\u00f3n, rub\u00e9ola y paperas) y de la hepatitis B desde que se sabe que no es portador.  <\/p><p>Relacionamos aqu\u00ed algunas de las patolog\u00edas m\u00e1s frecuentemente observadas en ni\u00f1os originarios de Etiop\u00eda. Evidentemente no est\u00e1n todas ni el objetivo es explicarlas exhaustivamente, sino presentarlas y hacer una breve evaluaci\u00f3n. El mejor consejo, en cuanto llegue aqu\u00ed, es ponerse en contacto con su pediatra y, en caso de cualquier duda, consultarla con el m\u00e9dico. M\u00e1s vale una pregunta sin importancia aparente que dejar pasar alguna enfermedad.   <\/p>\t\t\t\t\t\t\t\t<\/div>\n\t\t\t\t<\/div>\n\t\t\t\t<\/div>\n\t\t\t\t\t<\/details>\n\t\t\t\t\t\t<details id=\"e-n-accordion-item-3804\" class=\"e-n-accordion-item\" >\n\t\t\t\t<summary class=\"e-n-accordion-item-title\" data-accordion-index=\"5\" tabindex=\"-1\" aria-expanded=\"false\" aria-controls=\"e-n-accordion-item-3804\" >\n\t\t\t\t\t<span class='e-n-accordion-item-title-header'><div class=\"e-n-accordion-item-title-text\"> D\u00e9ficits pondoestaturales <\/div><\/span>\n\t\t\t\t\t\t\t<span class='e-n-accordion-item-title-icon'>\n\t\t\t<span class='e-opened' ><i aria-hidden=\"true\" class=\"fas fa-chevron-up\"><\/i><\/span>\n\t\t\t<span class='e-closed'><i aria-hidden=\"true\" class=\"fas fa-chevron-down\"><\/i><\/span>\n\t\t<\/span>\n\n\t\t\t\t\t\t<\/summary>\n\t\t\t\t<div role=\"region region\" aria-labelledby=\"e-n-accordion-item-1730 e-n-accordion-item-3804\" class=\"elementor-element elementor-element-6804291 e-con-full e-flex e-con e-child\" data-id=\"6804291\" data-element_type=\"container\">\n\t\t\t\t<div class=\"elementor-element elementor-element-593a791 elementor-widget elementor-widget-text-editor\" data-id=\"593a791\" data-element_type=\"widget\" data-widget_type=\"text-editor.default\">\n\t\t\t\t<div class=\"elementor-widget-container\">\n\t\t\t\t\t\t\t\t\t<p>El adoptado presenta un d\u00e9ficit de peso o altura en relaci\u00f3n a su sexo y edad. La causa m\u00e1s frecuente es la malnutrici\u00f3n por razones obvias. Con el cambio de alimentaci\u00f3n progresiva (siempre guiada por el pediatra) y, si es necesario, con aportaci\u00f3n de micronutrientes y oligoelementos, la recuperaci\u00f3n suele ser espectacular. Tambi\u00e9n hay que tener en cuenta, en ni\u00f1os m\u00e1s mayorcitos, que la cultura alimentaria de all\u00ed y de aqu\u00ed es muy diferente y que, como nos pasar\u00eda a cualquiera de nosotros, necesitar\u00e1n un tiempo de adaptaci\u00f3n. Otras causas de d\u00e9ficits pueden ser enfermedades infecciosas (veremos alguna m\u00e1s adelante) y d\u00e9ficits de atenci\u00f3n en el ni\u00f1o.    <\/p>\t\t\t\t\t\t\t\t<\/div>\n\t\t\t\t<\/div>\n\t\t\t\t<\/div>\n\t\t\t\t\t<\/details>\n\t\t\t\t\t\t<details id=\"e-n-accordion-item-3805\" class=\"e-n-accordion-item\" >\n\t\t\t\t<summary class=\"e-n-accordion-item-title\" data-accordion-index=\"6\" tabindex=\"-1\" aria-expanded=\"false\" aria-controls=\"e-n-accordion-item-3805\" >\n\t\t\t\t\t<span class='e-n-accordion-item-title-header'><div class=\"e-n-accordion-item-title-text\"> Diarreas <\/div><\/span>\n\t\t\t\t\t\t\t<span class='e-n-accordion-item-title-icon'>\n\t\t\t<span class='e-opened' ><i aria-hidden=\"true\" class=\"fas fa-chevron-up\"><\/i><\/span>\n\t\t\t<span class='e-closed'><i aria-hidden=\"true\" class=\"fas fa-chevron-down\"><\/i><\/span>\n\t\t<\/span>\n\n\t\t\t\t\t\t<\/summary>\n\t\t\t\t<div role=\"region region\" aria-labelledby=\"e-n-accordion-item-1730 e-n-accordion-item-3805\" class=\"elementor-element elementor-element-dcb6f12 e-flex e-con-boxed e-con e-child\" data-id=\"dcb6f12\" data-element_type=\"container\">\n\t\t\t\t\t<div class=\"e-con-inner\">\n\t\t\t\t<div class=\"elementor-element elementor-element-70b7b2c elementor-widget elementor-widget-text-editor\" data-id=\"70b7b2c\" data-element_type=\"widget\" data-widget_type=\"text-editor.default\">\n\t\t\t\t<div class=\"elementor-widget-container\">\n\t\t\t\t\t\t\t\t\t<p>Las causas pueden ser muchas, desde infecciones (virus, bacterias, protozoos, helmintos -gusanos-) a malnutrici\u00f3n. Las infecciosas suelen venir de la ingesta de agua no potable o alimentos contaminados. Si son leves y hay buena tolerancia oral, con correcta hidrataci\u00f3n y suplementos (ej.: Sueroral) suelen solucionarse. Si hay fiebre alta o diarrea con sangre o moco, conviene hacer cultivo de heces con evaluaci\u00f3n de par\u00e1sitos y tratar adecuadamente con antibi\u00f3ticos o antiparasitarios. En este caso, hay evaluaci\u00f3n por el m\u00e9dico en el hospital. Si hay muchos v\u00f3mitos con riesgo de deshidrataci\u00f3n ser\u00e1n necesarios sueros e ingreso. Una causa frecuente de diarreas, que aqu\u00ed casi no vemos, son los par\u00e1sitos intestinales por ingestas de aguas o alimentos no controlados sanitariamente. Se tratan con f\u00e1rmacos como metronidazol o mebendazol, previa identificaci\u00f3n del par\u00e1sito en las heces.       <\/p>\t\t\t\t\t\t\t\t<\/div>\n\t\t\t\t<\/div>\n\t\t\t\t\t<\/div>\n\t\t\t\t<\/div>\n\t\t\t\t\t<\/details>\n\t\t\t\t\t<\/div>\n\t\t\t\t\t\t<\/div>\n\t\t\t\t<\/div>\n\t\t\t\t<\/div>\n\t\t\t\t\t<\/details>\n\t\t\t\t\t\t<details id=\"e-n-accordion-item-1731\" class=\"e-n-accordion-item\" >\n\t\t\t\t<summary class=\"e-n-accordion-item-title\" data-accordion-index=\"2\" tabindex=\"-1\" aria-expanded=\"false\" aria-controls=\"e-n-accordion-item-1731\" >\n\t\t\t\t\t<span class='e-n-accordion-item-title-header'><h3 class=\"e-n-accordion-item-title-text\"> Infecciones de la piel <\/h3><\/span>\n\t\t\t\t\t\t\t<span class='e-n-accordion-item-title-icon'>\n\t\t\t<span class='e-opened' ><i aria-hidden=\"true\" class=\"fas fa-chevron-up\"><\/i><\/span>\n\t\t\t<span class='e-closed'><i aria-hidden=\"true\" class=\"fas fa-chevron-down\"><\/i><\/span>\n\t\t<\/span>\n\n\t\t\t\t\t\t<\/summary>\n\t\t\t\t<div role=\"region\" aria-labelledby=\"e-n-accordion-item-1731\" class=\"elementor-element elementor-element-cac3eb1 e-con-full e-flex e-con e-child\" data-id=\"cac3eb1\" data-element_type=\"container\" data-settings=\"{&quot;background_background&quot;:&quot;classic&quot;}\">\n\t\t\t\t<div class=\"elementor-element elementor-element-33244a1 elementor-widget__width-initial elementor-widget elementor-widget-text-editor\" data-id=\"33244a1\" data-element_type=\"widget\" data-widget_type=\"text-editor.default\">\n\t\t\t\t<div class=\"elementor-widget-container\">\n\t\t\t\t\t\t\t\t\t<p>Muy frecuentes, suelen darse por falta de higiene y transmisi\u00f3n por contacto. Las m\u00e1s observadas son: <\/p>\t\t\t\t\t\t\t\t<\/div>\n\t\t\t\t<\/div>\n\t\t\t\t<div class=\"elementor-element elementor-element-b914a6f elementor-widget elementor-widget-n-accordion\" data-id=\"b914a6f\" data-element_type=\"widget\" data-settings=\"{&quot;default_state&quot;:&quot;all_collapsed&quot;,&quot;max_items_expended&quot;:&quot;one&quot;,&quot;n_accordion_animation_duration&quot;:{&quot;unit&quot;:&quot;ms&quot;,&quot;size&quot;:400,&quot;sizes&quot;:[]}}\" data-widget_type=\"nested-accordion.default\">\n\t\t\t\t<div class=\"elementor-widget-container\">\n\t\t\t\t\t\t\t<div class=\"e-n-accordion\" aria-label=\"Accordion. Open links with Enter or Space, close with Escape, and navigate with Arrow Keys\">\n\t\t\t\t\t\t<details id=\"e-n-accordion-item-1940\" class=\"e-n-accordion-item\" >\n\t\t\t\t<summary class=\"e-n-accordion-item-title\" data-accordion-index=\"1\" tabindex=\"0\" aria-expanded=\"false\" aria-controls=\"e-n-accordion-item-1940\" >\n\t\t\t\t\t<span class='e-n-accordion-item-title-header'><div class=\"e-n-accordion-item-title-text\"> Hongos (tinea) <\/div><\/span>\n\t\t\t\t\t\t\t<span class='e-n-accordion-item-title-icon'>\n\t\t\t<span class='e-opened' ><i aria-hidden=\"true\" class=\"fas fa-minus\"><\/i><\/span>\n\t\t\t<span class='e-closed'><i aria-hidden=\"true\" class=\"fas fa-plus\"><\/i><\/span>\n\t\t<\/span>\n\n\t\t\t\t\t\t<\/summary>\n\t\t\t\t<div role=\"region region\" aria-labelledby=\"e-n-accordion-item-1731 e-n-accordion-item-1940\" class=\"elementor-element elementor-element-6a13e24 e-con-full e-flex e-con e-child\" data-id=\"6a13e24\" data-element_type=\"container\">\n\t\t\t\t<div class=\"elementor-element elementor-element-a18376e elementor-widget elementor-widget-text-editor\" data-id=\"a18376e\" data-element_type=\"widget\" data-widget_type=\"text-editor.default\">\n\t\t\t\t<div class=\"elementor-widget-container\">\n\t\t\t\t\t\t\t\t\t<p>cursan como lesi\u00f3n superficial, rojiza, bien delimitada, con leve descamaci\u00f3n y suelen causar mucha picaz\u00f3n. Se pueden localizar en la cabeza (tinea capitis), el cuerpo (tinea corporis), los pliegos engonals (tinea cruris) o sobre todo en los espacios interdigitales de los pies (tinea pedis o pie de atleta). Se suelen tratar con pomadas antif\u00fangicas o soluciones o geles si son en la cabeza; hay muchas y cualquier suele ir bien (Fungarest, Canesten, Daktarin, etc.). Hay que tener en cuenta que el tratamiento es prolongado (unas 3 semanas). Tambi\u00e9n podr\u00eda darse el caso de infecci\u00f3n en la mucosa en la boca y el es\u00f3fago (muchas molestias al tragar), que recibe el nombre de candidiasis orofar\u00edngea y tratarse con antif\u00fangicos orales.    <\/p>\t\t\t\t\t\t\t\t<\/div>\n\t\t\t\t<\/div>\n\t\t\t\t<\/div>\n\t\t\t\t\t<\/details>\n\t\t\t\t\t\t<details id=\"e-n-accordion-item-1941\" class=\"e-n-accordion-item\" >\n\t\t\t\t<summary class=\"e-n-accordion-item-title\" data-accordion-index=\"2\" tabindex=\"-1\" aria-expanded=\"false\" aria-controls=\"e-n-accordion-item-1941\" >\n\t\t\t\t\t<span class='e-n-accordion-item-title-header'><div class=\"e-n-accordion-item-title-text\"> Sarna <\/div><\/span>\n\t\t\t\t\t\t\t<span class='e-n-accordion-item-title-icon'>\n\t\t\t<span class='e-opened' ><i aria-hidden=\"true\" class=\"fas fa-minus\"><\/i><\/span>\n\t\t\t<span class='e-closed'><i aria-hidden=\"true\" class=\"fas fa-plus\"><\/i><\/span>\n\t\t<\/span>\n\n\t\t\t\t\t\t<\/summary>\n\t\t\t\t<div role=\"region region\" aria-labelledby=\"e-n-accordion-item-1731 e-n-accordion-item-1941\" class=\"elementor-element elementor-element-0c28438 e-con-full e-flex e-con e-child\" data-id=\"0c28438\" data-element_type=\"container\">\n\t\t\t\t<div class=\"elementor-element elementor-element-55eb2df elementor-widget elementor-widget-text-editor\" data-id=\"55eb2df\" data-element_type=\"widget\" data-widget_type=\"text-editor.default\">\n\t\t\t\t<div class=\"elementor-widget-container\">\n\t\t\t\t\t\t\t\t\t<p>Provocada por un artr\u00f3podos, el Sarcoptes scabei, que tunelizado la piel en zonas como axilas, mu\u00f1ecas, codos, inguinales, etc. provocando mucha picaz\u00f3n. El tratamiento es f\u00e1cil con permetrina t\u00f3pica al 5% y medidas higi\u00e9nicas y limpieza de la ropa con agua muy caliente. <\/p>\t\t\t\t\t\t\t\t<\/div>\n\t\t\t\t<\/div>\n\t\t\t\t<\/div>\n\t\t\t\t\t<\/details>\n\t\t\t\t\t\t<details id=\"e-n-accordion-item-1942\" class=\"e-n-accordion-item\" >\n\t\t\t\t<summary class=\"e-n-accordion-item-title\" data-accordion-index=\"3\" tabindex=\"-1\" aria-expanded=\"false\" aria-controls=\"e-n-accordion-item-1942\" >\n\t\t\t\t\t<span class='e-n-accordion-item-title-header'><div class=\"e-n-accordion-item-title-text\"> Dermatitis <\/div><\/span>\n\t\t\t\t\t\t\t<span class='e-n-accordion-item-title-icon'>\n\t\t\t<span class='e-opened' ><i aria-hidden=\"true\" class=\"fas fa-minus\"><\/i><\/span>\n\t\t\t<span class='e-closed'><i aria-hidden=\"true\" class=\"fas fa-plus\"><\/i><\/span>\n\t\t<\/span>\n\n\t\t\t\t\t\t<\/summary>\n\t\t\t\t<div role=\"region region\" aria-labelledby=\"e-n-accordion-item-1731 e-n-accordion-item-1942\" class=\"elementor-element elementor-element-e19eb97 e-con-full e-flex e-con e-child\" data-id=\"e19eb97\" data-element_type=\"container\">\n\t\t\t\t<div class=\"elementor-element elementor-element-eeba8cb elementor-widget elementor-widget-text-editor\" data-id=\"eeba8cb\" data-element_type=\"widget\" data-widget_type=\"text-editor.default\">\n\t\t\t\t<div class=\"elementor-widget-container\">\n\t\t\t\t\t\t\t\t\t<p>Suelen ser peque\u00f1os eczemas o a veces lesiones por rascado que pueden sobreinfectarse por mala higiene. Tienen f\u00e1cil soluci\u00f3n, las primeras con pomadas con corticoides suaves (ej. Vaspid) y las segundas con buena limpieza local (agua y jab\u00f3n o soluciones yodadas) o a\u00f1adiendo alg\u00fan antibi\u00f3tico, ya sea en pomada (\u00e1cido fus\u00eddico al 2% o mupirocina) u oral (cloxacilina, por ejemplo). <\/p>\t\t\t\t\t\t\t\t<\/div>\n\t\t\t\t<\/div>\n\t\t\t\t<\/div>\n\t\t\t\t\t<\/details>\n\t\t\t\t\t<\/div>\n\t\t\t\t\t\t<\/div>\n\t\t\t\t<\/div>\n\t\t\t\t<\/div>\n\t\t\t\t\t<\/details>\n\t\t\t\t\t\t<details id=\"e-n-accordion-item-1732\" class=\"e-n-accordion-item\" >\n\t\t\t\t<summary class=\"e-n-accordion-item-title\" data-accordion-index=\"3\" tabindex=\"-1\" aria-expanded=\"false\" aria-controls=\"e-n-accordion-item-1732\" >\n\t\t\t\t\t<span class='e-n-accordion-item-title-header'><h3 class=\"e-n-accordion-item-title-text\"> Infecciones respiratorias <\/h3><\/span>\n\t\t\t\t\t\t\t<span class='e-n-accordion-item-title-icon'>\n\t\t\t<span class='e-opened' ><i aria-hidden=\"true\" class=\"fas fa-chevron-up\"><\/i><\/span>\n\t\t\t<span class='e-closed'><i aria-hidden=\"true\" class=\"fas fa-chevron-down\"><\/i><\/span>\n\t\t<\/span>\n\n\t\t\t\t\t\t<\/summary>\n\t\t\t\t<div role=\"region\" aria-labelledby=\"e-n-accordion-item-1732\" class=\"elementor-element elementor-element-3957df7 e-con-full e-flex e-con e-child\" data-id=\"3957df7\" data-element_type=\"container\" data-settings=\"{&quot;background_background&quot;:&quot;classic&quot;}\">\n\t\t\t\t<div class=\"elementor-element elementor-element-f6d4d10 elementor-widget__width-initial elementor-widget elementor-widget-text-editor\" data-id=\"f6d4d10\" data-element_type=\"widget\" data-widget_type=\"text-editor.default\">\n\t\t\t\t<div class=\"elementor-widget-container\">\n\t\t\t\t\t\t\t\t\t<p>Pueden ser altas o bajas. Las altas (faringitis, amigdalitis, laringitis, traqueitis) pueden ser causadas por virus o bacterias. No entraremos en detalles, pues no es el objetivo de este escrito. Las m\u00e1s leves se pueden tratar con antiinflamatorios (ej. Dalsy), antit\u00e9rmicos como el paracetamol (ej: Apiretal, Febrectal) o AAS, y antibi\u00f3ticos como la amoxicilina o la eritromicina. En casos de fiebre alta o dificultad respiratoria, hay que ponerse en contacto con el pediatra. Las infecciones respiratorias bajas como la bronquitis, bronquiolitis y la neumon\u00eda, suelen necesitar tratamiento antibi\u00f3tico, y en casos de dificultad respiratoria alg\u00fan broncodilatador como el salbutamol (ej. Ventol\u00edn), pero siempre es mejor que lo valore el m\u00e9dico.     <\/p>\t\t\t\t\t\t\t\t<\/div>\n\t\t\t\t<\/div>\n\t\t\t\t<div class=\"elementor-element elementor-element-444e765 elementor-widget elementor-widget-n-accordion\" data-id=\"444e765\" data-element_type=\"widget\" data-settings=\"{&quot;default_state&quot;:&quot;all_collapsed&quot;,&quot;max_items_expended&quot;:&quot;one&quot;,&quot;n_accordion_animation_duration&quot;:{&quot;unit&quot;:&quot;ms&quot;,&quot;size&quot;:400,&quot;sizes&quot;:[]}}\" data-widget_type=\"nested-accordion.default\">\n\t\t\t\t<div class=\"elementor-widget-container\">\n\t\t\t\t\t\t\t<div class=\"e-n-accordion\" aria-label=\"Accordion. Open links with Enter or Space, close with Escape, and navigate with Arrow Keys\">\n\t\t\t\t\t\t<details id=\"e-n-accordion-item-7160\" class=\"e-n-accordion-item\" >\n\t\t\t\t<summary class=\"e-n-accordion-item-title\" data-accordion-index=\"1\" tabindex=\"0\" aria-expanded=\"false\" aria-controls=\"e-n-accordion-item-7160\" >\n\t\t\t\t\t<span class='e-n-accordion-item-title-header'><div class=\"e-n-accordion-item-title-text\"> Tuberculosis <\/div><\/span>\n\t\t\t\t\t\t\t<span class='e-n-accordion-item-title-icon'>\n\t\t\t<span class='e-opened' ><i aria-hidden=\"true\" class=\"fas fa-minus\"><\/i><\/span>\n\t\t\t<span class='e-closed'><i aria-hidden=\"true\" class=\"fas fa-plus\"><\/i><\/span>\n\t\t<\/span>\n\n\t\t\t\t\t\t<\/summary>\n\t\t\t\t<div role=\"region region\" aria-labelledby=\"e-n-accordion-item-1732 e-n-accordion-item-7160\" class=\"elementor-element elementor-element-6a20996 e-con-full e-flex e-con e-child\" data-id=\"6a20996\" data-element_type=\"container\">\n\t\t\t\t<div class=\"elementor-element elementor-element-bab9bf2 elementor-widget elementor-widget-text-editor\" data-id=\"bab9bf2\" data-element_type=\"widget\" data-widget_type=\"text-editor.default\">\n\t\t\t\t<div class=\"elementor-widget-container\">\n\t\t\t\t\t\t\t\t\t<p>No es frecuente en ni\u00f1os peque\u00f1os y suele ser de localizaci\u00f3n pulmonar. El tratamiento, siempre vigilado por el m\u00e9dico, suele ser con combinaci\u00f3n de rifampicina, isoniacida y etambutol. <\/p>\t\t\t\t\t\t\t\t<\/div>\n\t\t\t\t<\/div>\n\t\t\t\t<\/div>\n\t\t\t\t\t<\/details>\n\t\t\t\t\t<\/div>\n\t\t\t\t\t\t<\/div>\n\t\t\t\t<\/div>\n\t\t\t\t<\/div>\n\t\t\t\t\t<\/details>\n\t\t\t\t\t\t<details id=\"e-n-accordion-item-1733\" class=\"e-n-accordion-item\" >\n\t\t\t\t<summary class=\"e-n-accordion-item-title\" data-accordion-index=\"4\" tabindex=\"-1\" aria-expanded=\"false\" aria-controls=\"e-n-accordion-item-1733\" >\n\t\t\t\t\t<span class='e-n-accordion-item-title-header'><h3 class=\"e-n-accordion-item-title-text\"> Otitis <\/h3><\/span>\n\t\t\t\t\t\t\t<span class='e-n-accordion-item-title-icon'>\n\t\t\t<span class='e-opened' ><i aria-hidden=\"true\" class=\"fas fa-chevron-up\"><\/i><\/span>\n\t\t\t<span class='e-closed'><i aria-hidden=\"true\" class=\"fas fa-chevron-down\"><\/i><\/span>\n\t\t<\/span>\n\n\t\t\t\t\t\t<\/summary>\n\t\t\t\t<div role=\"region\" aria-labelledby=\"e-n-accordion-item-1733\" class=\"elementor-element elementor-element-216c826 e-con-full e-flex e-con e-child\" data-id=\"216c826\" data-element_type=\"container\" data-settings=\"{&quot;background_background&quot;:&quot;classic&quot;}\">\n\t\t\t\t<div class=\"elementor-element elementor-element-3b4c1e9 elementor-widget__width-initial elementor-widget elementor-widget-text-editor\" data-id=\"3b4c1e9\" data-element_type=\"widget\" data-widget_type=\"text-editor.default\">\n\t\t\t\t<div class=\"elementor-widget-container\">\n\t\t\t\t\t\t\t\t\t<p>Suelen ser leves y f\u00e1ciles de tratar con gotas antibi\u00f3ticas si son externas o con antit\u00e9rmicos y antibi\u00f3ticos orales (ej.: amoxicilina-clavul\u00e1mico) si son medianas.<\/p>\t\t\t\t\t\t\t\t<\/div>\n\t\t\t\t<\/div>\n\t\t\t\t<\/div>\n\t\t\t\t\t<\/details>\n\t\t\t\t\t\t<details id=\"e-n-accordion-item-1734\" class=\"e-n-accordion-item\" >\n\t\t\t\t<summary class=\"e-n-accordion-item-title\" data-accordion-index=\"5\" tabindex=\"-1\" aria-expanded=\"false\" aria-controls=\"e-n-accordion-item-1734\" >\n\t\t\t\t\t<span class='e-n-accordion-item-title-header'><h3 class=\"e-n-accordion-item-title-text\"> Hepatitis A <\/h3><\/span>\n\t\t\t\t\t\t\t<span class='e-n-accordion-item-title-icon'>\n\t\t\t<span class='e-opened' ><i aria-hidden=\"true\" class=\"fas fa-chevron-up\"><\/i><\/span>\n\t\t\t<span class='e-closed'><i aria-hidden=\"true\" class=\"fas fa-chevron-down\"><\/i><\/span>\n\t\t<\/span>\n\n\t\t\t\t\t\t<\/summary>\n\t\t\t\t<div role=\"region\" aria-labelledby=\"e-n-accordion-item-1734\" class=\"elementor-element elementor-element-a1244ef e-con-full e-flex e-con e-child\" data-id=\"a1244ef\" data-element_type=\"container\" data-settings=\"{&quot;background_background&quot;:&quot;classic&quot;}\">\n\t\t\t\t<div class=\"elementor-element elementor-element-598ddeb elementor-widget__width-initial elementor-widget elementor-widget-text-editor\" data-id=\"598ddeb\" data-element_type=\"widget\" data-widget_type=\"text-editor.default\">\n\t\t\t\t<div class=\"elementor-widget-container\">\n\t\t\t\t\t\t\t\t\t<p>Infecci\u00f3n v\u00edrica de transmisi\u00f3n feco-oral propia de pa\u00edses con bajas condiciones higi\u00e9nicas. Es benigna y cura sin secuelas. No se debe hacer tratamiento espec\u00edfico.  <\/p>\t\t\t\t\t\t\t\t<\/div>\n\t\t\t\t<\/div>\n\t\t\t\t<\/div>\n\t\t\t\t\t<\/details>\n\t\t\t\t\t\t<details id=\"e-n-accordion-item-1735\" class=\"e-n-accordion-item\" >\n\t\t\t\t<summary class=\"e-n-accordion-item-title\" data-accordion-index=\"6\" tabindex=\"-1\" aria-expanded=\"false\" aria-controls=\"e-n-accordion-item-1735\" >\n\t\t\t\t\t<span class='e-n-accordion-item-title-header'><h3 class=\"e-n-accordion-item-title-text\"> \u00bfY la salud de los ni\u00f1os m\u00e1s adelante? <\/h3><\/span>\n\t\t\t\t\t\t\t<span class='e-n-accordion-item-title-icon'>\n\t\t\t<span class='e-opened' ><i aria-hidden=\"true\" class=\"fas fa-chevron-up\"><\/i><\/span>\n\t\t\t<span class='e-closed'><i aria-hidden=\"true\" class=\"fas fa-chevron-down\"><\/i><\/span>\n\t\t<\/span>\n\n\t\t\t\t\t\t<\/summary>\n\t\t\t\t<div role=\"region\" aria-labelledby=\"e-n-accordion-item-1735\" class=\"elementor-element elementor-element-2d6fce6 e-con-full e-flex e-con e-child\" data-id=\"2d6fce6\" data-element_type=\"container\" data-settings=\"{&quot;background_background&quot;:&quot;classic&quot;}\">\n\t\t\t\t<div class=\"elementor-element elementor-element-ee0c3fb elementor-widget__width-initial elementor-widget elementor-widget-text-editor\" data-id=\"ee0c3fb\" data-element_type=\"widget\" data-widget_type=\"text-editor.default\">\n\t\t\t\t<div class=\"elementor-widget-container\">\n\t\t\t\t\t\t\t\t\t<p>Pues las mismas enfermedades que los ni\u00f1os aqu\u00ed, pero a veces con alguna caracter\u00edstica como pubertad precoz, necesidad de terapia psicol\u00f3gica para ayudar en alg\u00fan trauma, dificultad para dormir, \u2026 Os adjuntamos un listado de profesionales por si os son de inter\u00e9s:<\/p><p><strong>Nerea Larumbe<\/strong><\/p><ul><li>Psic\u00f3loga infantil y juvenil, especializada en traumaterapia infantil sist\u00e9mica.<\/li><li>609 924 531<\/li><li><a href=\"http:\/\/www.nlpsicologia.com\/\" target=\"_blank\" rel=\"noopener noreferrer\">nlpsicologia.com<\/a><\/li><\/ul><p><br><strong>Fundaci\u00f3 Vidal i Barraquer<\/strong><\/p><ul><li>Asesoramiento psicol\u00f3gico<\/li><li><a href=\"http:\/\/www.fvb.cat\/\" target=\"_blank\" rel=\"noopener noreferrer\">fvb.cat<\/a><\/li><\/ul><p><br><strong>Vicky Fumad\u00f3<\/strong><\/p><ul><li>Pediatra Hospital St. Joan de D\u00e9u<\/li><\/ul><p><br><strong>Asociaci\u00f3n Ra\u00edces<\/strong><\/p><ul><li>Atenci\u00f3n y orientaci\u00f3n del conflicto filio-parental<\/li><li>690 260 489<\/li><li><a href=\"http:\/\/www.asociacion-raices.org\/\" target=\"_blank\" rel=\"noopener noreferrer\">asociacion-raices.org<\/a><\/li><\/ul>\t\t\t\t\t\t\t\t<\/div>\n\t\t\t\t<\/div>\n\t\t\t\t<\/div>\n\t\t\t\t\t<\/details>\n\t\t\t\t\t<\/div>\n\t\t\t\t\t\t<\/div>\n\t\t\t\t<\/div>\n\t\t\t\t<\/div>\n\t\t<div class=\"elementor-element elementor-element-c4f32e4 e-con-full e-flex e-con e-child\" data-id=\"c4f32e4\" data-element_type=\"container\">\n\t\t\t\t<div class=\"elementor-element elementor-element-d1bfb5f elementor-widget elementor-widget-image\" data-id=\"d1bfb5f\" data-element_type=\"widget\" data-settings=\"{&quot;sticky&quot;:&quot;top&quot;,&quot;sticky_offset&quot;:100,&quot;sticky_parent&quot;:&quot;yes&quot;,&quot;sticky_on&quot;:[&quot;desktop&quot;,&quot;tablet&quot;],&quot;sticky_effects_offset&quot;:0,&quot;sticky_anchor_link_offset&quot;:0}\" data-widget_type=\"image.default\">\n\t\t\t\t<div class=\"elementor-widget-container\">\n\t\t\t\t\t\t\t\t\t\t\t\t\t\t\t<img fetchpriority=\"high\" decoding=\"async\" width=\"768\" height=\"1024\" src=\"https:\/\/www.afne.org\/wp-content\/uploads\/2025\/09\/AFNE_Muketuri_nov2019_9-1-768x1024.jpg\" class=\"attachment-large size-large wp-image-23301\" alt=\"\" srcset=\"https:\/\/www.afne.org\/wp-content\/uploads\/2025\/09\/AFNE_Muketuri_nov2019_9-1-768x1024.jpg 768w, https:\/\/www.afne.org\/wp-content\/uploads\/2025\/09\/AFNE_Muketuri_nov2019_9-1-225x300.jpg 225w, https:\/\/www.afne.org\/wp-content\/uploads\/2025\/09\/AFNE_Muketuri_nov2019_9-1.jpg 1024w\" sizes=\"(max-width: 768px) 100vw, 768px\" \/>\t\t\t\t\t\t\t\t\t\t\t\t\t\t\t<\/div>\n\t\t\t\t<\/div>\n\t\t\t\t<\/div>\n\t\t\t\t\t<\/div>\n\t\t\t\t<\/div>\n\t\t<div class=\"elementor-element elementor-element-3e32f1a e-flex e-con-boxed e-con e-parent\" data-id=\"3e32f1a\" data-element_type=\"container\" id=\"seguiments-postadoptius\" data-settings=\"{&quot;background_background&quot;:&quot;classic&quot;,&quot;shape_divider_bottom&quot;:&quot;waves&quot;}\">\n\t\t\t\t\t<div class=\"e-con-inner\">\n\t\t\t\t<div class=\"elementor-shape elementor-shape-bottom\" aria-hidden=\"true\" data-negative=\"false\">\n\t\t\t<svg xmlns=\"http:\/\/www.w3.org\/2000\/svg\" viewBox=\"0 0 1000 100\" preserveAspectRatio=\"none\">\n\t<path class=\"elementor-shape-fill\" d=\"M421.9,6.5c22.6-2.5,51.5,0.4,75.5,5.3c23.6,4.9,70.9,23.5,100.5,35.7c75.8,32.2,133.7,44.5,192.6,49.7\n\tc23.6,2.1,48.7,3.5,103.4-2.5c54.7-6,106.2-25.6,106.2-25.6V0H0v30.3c0,0,72,32.6,158.4,30.5c39.2-0.7,92.8-6.7,134-22.4\n\tc21.2-8.1,52.2-18.2,79.7-24.2C399.3,7.9,411.6,7.5,421.9,6.5z\"\/>\n<\/svg>\t\t<\/div>\n\t\t<div class=\"elementor-element elementor-element-949daa0 e-con-full e-flex e-con e-child\" data-id=\"949daa0\" data-element_type=\"container\">\n\t\t\t\t<div class=\"elementor-element elementor-element-f37e86c elementor-widget elementor-widget-image\" data-id=\"f37e86c\" data-element_type=\"widget\" data-settings=\"{&quot;sticky&quot;:&quot;top&quot;,&quot;sticky_offset&quot;:100,&quot;sticky_parent&quot;:&quot;yes&quot;,&quot;sticky_on&quot;:[&quot;desktop&quot;,&quot;tablet&quot;],&quot;sticky_effects_offset&quot;:0,&quot;sticky_anchor_link_offset&quot;:0}\" data-widget_type=\"image.default\">\n\t\t\t\t<div class=\"elementor-widget-container\">\n\t\t\t\t\t\t\t\t\t\t\t\t\t\t\t<img decoding=\"async\" width=\"768\" height=\"1024\" src=\"https:\/\/www.afne.org\/wp-content\/uploads\/2025\/09\/WhatsApp-Image-2024-11-03-at-07.53.43-1-768x1024.jpeg\" class=\"attachment-large size-large wp-image-23875\" alt=\"\" srcset=\"https:\/\/www.afne.org\/wp-content\/uploads\/2025\/09\/WhatsApp-Image-2024-11-03-at-07.53.43-1-768x1024.jpeg 768w, https:\/\/www.afne.org\/wp-content\/uploads\/2025\/09\/WhatsApp-Image-2024-11-03-at-07.53.43-1-225x300.jpeg 225w, https:\/\/www.afne.org\/wp-content\/uploads\/2025\/09\/WhatsApp-Image-2024-11-03-at-07.53.43-1-1152x1536.jpeg 1152w, https:\/\/www.afne.org\/wp-content\/uploads\/2025\/09\/WhatsApp-Image-2024-11-03-at-07.53.43-1-1536x2048.jpeg 1536w, https:\/\/www.afne.org\/wp-content\/uploads\/2025\/09\/WhatsApp-Image-2024-11-03-at-07.53.43-1-scaled.jpeg 1920w\" sizes=\"(max-width: 768px) 100vw, 768px\" \/>\t\t\t\t\t\t\t\t\t\t\t\t\t\t\t<\/div>\n\t\t\t\t<\/div>\n\t\t\t\t<\/div>\n\t\t<div class=\"elementor-element elementor-element-206a6d9 e-con-full animated-slow e-flex elementor-invisible e-con e-child\" data-id=\"206a6d9\" data-element_type=\"container\" data-settings=\"{&quot;animation&quot;:&quot;fadeIn&quot;,&quot;animation_mobile&quot;:&quot;fadeInUp&quot;}\">\n\t\t\t\t<div class=\"elementor-element elementor-element-b7c0a35 elementor-widget__width-initial elementor-widget elementor-widget-heading\" data-id=\"b7c0a35\" data-element_type=\"widget\" data-widget_type=\"heading.default\">\n\t\t\t\t<div class=\"elementor-widget-container\">\n\t\t\t\t\t<h2 class=\"elementor-heading-title elementor-size-default\">Seguimientos postadoptivos<\/h2>\t\t\t\t<\/div>\n\t\t\t\t<\/div>\n\t\t\t\t<div class=\"elementor-element elementor-element-25854d6 elementor-widget-divider--separator-type-pattern elementor-widget-divider--no-spacing elementor-widget-divider--view-line elementor-widget elementor-widget-divider\" data-id=\"25854d6\" data-element_type=\"widget\" data-settings=\"{&quot;_animation&quot;:&quot;none&quot;}\" data-widget_type=\"divider.default\">\n\t\t\t\t<div class=\"elementor-widget-container\">\n\t\t\t\t\t\t\t<div class=\"elementor-divider\" style=\"--divider-pattern-url: url(&quot;data:image\/svg+xml,%3Csvg xmlns=&#039;http:\/\/www.w3.org\/2000\/svg&#039; preserveAspectRatio=&#039;xMidYMid meet&#039; overflow=&#039;visible&#039; height=&#039;100%&#039; viewBox=&#039;0 0 126 26&#039; fill=&#039;black&#039; stroke=&#039;none&#039;%3E%3Cpath d=&#039;M3,10.2c2.6,0,2.6,2,2.6,3.2S4.4,16.5,3,16.5s-3-1.4-3-3.2S0.4,10.2,3,10.2z M18.8,10.2c1.7,0,3.2,1.4,3.2,3.2s-1.4,3.2-3.2,3.2c-1.7,0-3.2-1.4-3.2-3.2S17,10.2,18.8,10.2z M34.6,10.2c1.5,0,2.6,1.4,2.6,3.2s-0.5,3.2-1.9,3.2c-1.5,0-3.4-1.4-3.4-3.2S33.1,10.2,34.6,10.2z M50.5,10.2c1.7,0,3.2,1.4,3.2,3.2s-1.4,3.2-3.2,3.2c-1.7,0-3.3-0.9-3.3-2.6S48.7,10.2,50.5,10.2z M66.2,10.2c1.5,0,3.4,1.4,3.4,3.2s-1.9,3.2-3.4,3.2c-1.5,0-2.6-0.4-2.6-2.1S64.8,10.2,66.2,10.2z M82.2,10.2c1.7,0.8,2.6,1.4,2.6,3.2s-0.1,3.2-1.6,3.2c-1.5,0-3.7-1.4-3.7-3.2S80.5,9.4,82.2,10.2zM98.6,10.2c1.5,0,2.6,0.4,2.6,2.1s-1.2,4.2-2.6,4.2c-1.5,0-3.7-0.4-3.7-2.1S97.1,10.2,98.6,10.2z M113.4,10.2c1.2,0,2.2,0.9,2.2,3.2s-0.1,3.2-1.3,3.2s-3.1-1.4-3.1-3.2S112.2,10.2,113.4,10.2z&#039;\/%3E%3C\/svg%3E&quot;);\">\n\t\t\t<span class=\"elementor-divider-separator\">\n\t\t\t\t\t\t<\/span>\n\t\t<\/div>\n\t\t\t\t\t\t<\/div>\n\t\t\t\t<\/div>\n\t\t\t\t<div class=\"elementor-element elementor-element-70d0701 elementor-widget__width-initial elementor-widget elementor-widget-text-editor\" data-id=\"70d0701\" data-element_type=\"widget\" data-widget_type=\"text-editor.default\">\n\t\t\t\t<div class=\"elementor-widget-container\">\n\t\t\t\t\t\t\t\t\t<p>Todas las familias que han adoptado ni\u00f1os o ni\u00f1as en este pa\u00eds, al firmar el contrato de adopci\u00f3n con la ECAI que les ha tramitado el expediente, han adquirido el <strong>compromiso de enviar a Etiop\u00eda informes de seguimiento<\/strong> de la adaptaci\u00f3n del menor.<\/p><p>El ICAA ha delegado desde el principio esta tarea en las ICIF y ECAI acreditadas. Esto implica que un psic\u00f3logo de la ECAI mantiene una entrevista con el menor y con el padre y\/o la madre, y redacta un informe que responde a diferentes aspectos sobre el desarrollo, la adaptaci\u00f3n, la salud, la educaci\u00f3n, la socializaci\u00f3n, etc. del ni\u00f1o o la ni\u00f1a en su nuevo entorno. <\/p><p>Este informe se traduce y se env\u00eda al pa\u00eds de origen. El ICAA recibe todos los informes. <\/p><p>La ECAI recibe una remuneraci\u00f3n econ\u00f3mica por este trabajo, el importe de la cual actualmente es de 106 \u20ac que paga la familia.<\/p><p>El primer a\u00f1o que el menor llega a Catalu\u00f1a, las familias deben de realizar tres seguimientos y, posteriormente, uno anual hasta los 15 a\u00f1os.<\/p>\t\t\t\t\t\t\t\t<\/div>\n\t\t\t\t<\/div>\n\t\t\t\t<div class=\"elementor-element elementor-element-e8f20fa elementor-widget elementor-widget-n-accordion\" data-id=\"e8f20fa\" data-element_type=\"widget\" data-settings=\"{&quot;default_state&quot;:&quot;all_collapsed&quot;,&quot;max_items_expended&quot;:&quot;one&quot;,&quot;n_accordion_animation_duration&quot;:{&quot;unit&quot;:&quot;ms&quot;,&quot;size&quot;:400,&quot;sizes&quot;:[]}}\" data-widget_type=\"nested-accordion.default\">\n\t\t\t\t<div class=\"elementor-widget-container\">\n\t\t\t\t\t\t\t<div class=\"e-n-accordion\" aria-label=\"Accordion. Open links with Enter or Space, close with Escape, and navigate with Arrow Keys\">\n\t\t\t\t\t\t<details id=\"e-n-accordion-item-2440\" class=\"e-n-accordion-item\" >\n\t\t\t\t<summary class=\"e-n-accordion-item-title\" data-accordion-index=\"1\" tabindex=\"0\" aria-expanded=\"false\" aria-controls=\"e-n-accordion-item-2440\" >\n\t\t\t\t\t<span class='e-n-accordion-item-title-header'><h3 class=\"e-n-accordion-item-title-text\"> Actualizaci\u00f3n diciembre 2019 <\/h3><\/span>\n\t\t\t\t\t\t\t<span class='e-n-accordion-item-title-icon'>\n\t\t\t<span class='e-opened' ><i aria-hidden=\"true\" class=\"fas fa-chevron-up\"><\/i><\/span>\n\t\t\t<span class='e-closed'><i aria-hidden=\"true\" class=\"fas fa-chevron-down\"><\/i><\/span>\n\t\t<\/span>\n\n\t\t\t\t\t\t<\/summary>\n\t\t\t\t<div role=\"region\" aria-labelledby=\"e-n-accordion-item-2440\" class=\"elementor-element elementor-element-300550b e-con-full e-flex e-con e-child\" data-id=\"300550b\" data-element_type=\"container\">\n\t\t\t\t<div class=\"elementor-element elementor-element-59def19 elementor-widget__width-initial elementor-widget elementor-widget-text-editor\" data-id=\"59def19\" data-element_type=\"widget\" data-widget_type=\"text-editor.default\">\n\t\t\t\t<div class=\"elementor-widget-container\">\n\t\t\t\t\t\t\t\t\t<p>Queremos informaros de los \u00faltimos cambios en los informes de seguimiento postadoptivo de los ni\u00f1os y ni\u00f1as nacidos en Etiop\u00eda. Dado que como asociaci\u00f3n hemos participado en el debate sobre los cambios, queremos hacer llegar nuestra posici\u00f3n, que no ha quedado reflejada totalmente en el resultado final. <\/p><p>Creemos que estos cambios no son un paso adelante. Por ello, desde AFNE continuaremos insistiendo y utilizando todas las herramientas que tenemos al alcance para simplificar, facilitar y adecuar los seguimientos postadoptivos a las familias adoptantes sin faltar a nuestro compromiso con Etiop\u00eda. <\/p><p>El ICAA nos autoriz\u00f3 a explicar los cambios en los informes de seguimiento a las familias asociadas e interesadas, lo que procedemos a hacer con m\u00e1s detalle.<\/p><p>Pod\u00e9is leer el documento completo en este enlace:<\/p>\t\t\t\t\t\t\t\t<\/div>\n\t\t\t\t<\/div>\n\t\t\t\t<div class=\"elementor-element elementor-element-153ea1a elementor-align-left elementor-invisible elementor-widget elementor-widget-button\" data-id=\"153ea1a\" data-element_type=\"widget\" data-settings=\"{&quot;_animation&quot;:&quot;fadeInUp&quot;}\" data-widget_type=\"button.default\">\n\t\t\t\t<div class=\"elementor-widget-container\">\n\t\t\t\t\t\t\t\t\t<div class=\"elementor-button-wrapper\">\n\t\t\t\t\t<a class=\"elementor-button elementor-button-link elementor-size-sm elementor-animation-pulse\" href=\"https:\/\/www.afne.org\/wp-content\/uploads\/2025\/09\/COMUNICAT-CANVIS-SEGUIMENTS-POSTADOPTIUS.pdf\" target=\"_blank\" rel=\"nofollow\">\n\t\t\t\t\t\t<span class=\"elementor-button-content-wrapper\">\n\t\t\t\t\t\t\t\t\t<span class=\"elementor-button-text\">COMUNICADO SOBRE LOS CAMBIOS EN LOS SEGUIMIENTOS<\/span>\n\t\t\t\t\t<\/span>\n\t\t\t\t\t<\/a>\n\t\t\t\t<\/div>\n\t\t\t\t\t\t\t\t<\/div>\n\t\t\t\t<\/div>\n\t\t\t\t<\/div>\n\t\t\t\t\t<\/details>\n\t\t\t\t\t\t<details id=\"e-n-accordion-item-2441\" class=\"e-n-accordion-item\" >\n\t\t\t\t<summary class=\"e-n-accordion-item-title\" data-accordion-index=\"2\" tabindex=\"-1\" aria-expanded=\"false\" aria-controls=\"e-n-accordion-item-2441\" >\n\t\t\t\t\t<span class='e-n-accordion-item-title-header'><h3 class=\"e-n-accordion-item-title-text\"> Queremos mejorar los seguimientos postadoptivos <\/h3><\/span>\n\t\t\t\t\t\t\t<span class='e-n-accordion-item-title-icon'>\n\t\t\t<span class='e-opened' ><i aria-hidden=\"true\" class=\"fas fa-chevron-up\"><\/i><\/span>\n\t\t\t<span class='e-closed'><i aria-hidden=\"true\" class=\"fas fa-chevron-down\"><\/i><\/span>\n\t\t<\/span>\n\n\t\t\t\t\t\t<\/summary>\n\t\t\t\t<div role=\"region\" aria-labelledby=\"e-n-accordion-item-2441\" class=\"elementor-element elementor-element-291075f e-con-full e-flex e-con e-child\" data-id=\"291075f\" data-element_type=\"container\">\n\t\t\t\t<div class=\"elementor-element elementor-element-ee3f666 elementor-widget__width-initial elementor-widget elementor-widget-text-editor\" data-id=\"ee3f666\" data-element_type=\"widget\" data-widget_type=\"text-editor.default\">\n\t\t\t\t<div class=\"elementor-widget-container\">\n\t\t\t\t\t\t\t\t\t<p>Desde 2014, AFNE inici\u00f3 los pasos para dialogar con el ICAA y mejorar algunos aspectos de la forma en que se hac\u00edan los seguimientos postadoptivos y los informes de seguimiento.<\/p><p>A ra\u00edz de algunas quejas de familias adoptantes, se elabor\u00f3 una carta que firmaron -y todav\u00eda firman- las familias que est\u00e1n de acuerdo sobre nuestro posicionamiento al respecto.<\/p><p>Esta es la CARTA que preparamos.<\/p>\t\t\t\t\t\t\t\t<\/div>\n\t\t\t\t<\/div>\n\t\t\t\t<div class=\"elementor-element elementor-element-f0a6c55 elementor-align-left elementor-invisible elementor-widget elementor-widget-button\" data-id=\"f0a6c55\" data-element_type=\"widget\" data-settings=\"{&quot;_animation&quot;:&quot;fadeInUp&quot;}\" data-widget_type=\"button.default\">\n\t\t\t\t<div class=\"elementor-widget-container\">\n\t\t\t\t\t\t\t\t\t<div class=\"elementor-button-wrapper\">\n\t\t\t\t\t<a class=\"elementor-button elementor-button-link elementor-size-sm elementor-animation-pulse\" href=\"https:\/\/www.afne.org\/es\/familias\/postadopcion\/carta-seguimientos\/\" target=\"_blank\" rel=\"nofollow\">\n\t\t\t\t\t\t<span class=\"elementor-button-content-wrapper\">\n\t\t\t\t\t\t\t\t\t<span class=\"elementor-button-text\">carta<\/span>\n\t\t\t\t\t<\/span>\n\t\t\t\t\t<\/a>\n\t\t\t\t<\/div>\n\t\t\t\t\t\t\t\t<\/div>\n\t\t\t\t<\/div>\n\t\t\t\t<\/div>\n\t\t\t\t\t<\/details>\n\t\t\t\t\t\t<details id=\"e-n-accordion-item-2442\" class=\"e-n-accordion-item\" >\n\t\t\t\t<summary class=\"e-n-accordion-item-title\" data-accordion-index=\"3\" tabindex=\"-1\" aria-expanded=\"false\" aria-controls=\"e-n-accordion-item-2442\" >\n\t\t\t\t\t<span class='e-n-accordion-item-title-header'><h3 class=\"e-n-accordion-item-title-text\"> Las reuniones con el ICAA y los cambios conseguidos <\/h3><\/span>\n\t\t\t\t\t\t\t<span class='e-n-accordion-item-title-icon'>\n\t\t\t<span class='e-opened' ><i aria-hidden=\"true\" class=\"fas fa-chevron-up\"><\/i><\/span>\n\t\t\t<span class='e-closed'><i aria-hidden=\"true\" class=\"fas fa-chevron-down\"><\/i><\/span>\n\t\t<\/span>\n\n\t\t\t\t\t\t<\/summary>\n\t\t\t\t<div role=\"region\" aria-labelledby=\"e-n-accordion-item-2442\" class=\"elementor-element elementor-element-f226d40 e-flex e-con-boxed e-con e-child\" data-id=\"f226d40\" data-element_type=\"container\">\n\t\t\t\t\t<div class=\"e-con-inner\">\n\t\t\t\t<div class=\"elementor-element elementor-element-89b52d5 elementor-widget__width-initial elementor-widget elementor-widget-text-editor\" data-id=\"89b52d5\" data-element_type=\"widget\" data-widget_type=\"text-editor.default\">\n\t\t\t\t<div class=\"elementor-widget-container\">\n\t\t\t\t\t\t\t\t\t<p>Desde que iniciamos las conversaciones con el ICAA, una comisi\u00f3n de AFNE (formada por la secretaria de la asociaci\u00f3n, dos miembros de la junta y una socia adoptante) ha mantenido varias reuniones con miembros del Institut (con la directora y con dos personas del \u00e1rea de adopciones internacionales y los servicios jur\u00eddicos de esta \u00e1rea).<\/p><p>Como resultado de estas reuniones, se han discutido muchos aspectos con el fin de ir mejorando estos seguimientos en la l\u00ednea que AFNE propon\u00eda en la carta presentada.<\/p><p>Algunos, como la periodicidad, seg\u00fan el pa\u00eds de origen, pero otros como los contenidos del informe o la forma en que se hace este est\u00e1n en v\u00edas de modificaci\u00f3n.<\/p>\t\t\t\t\t\t\t\t<\/div>\n\t\t\t\t<\/div>\n\t\t\t\t\t<\/div>\n\t\t\t\t<\/div>\n\t\t\t\t\t<\/details>\n\t\t\t\t\t<\/div>\n\t\t\t\t\t\t<\/div>\n\t\t\t\t<\/div>\n\t\t\t\t<\/div>\n\t\t\t\t\t<\/div>\n\t\t\t\t<\/div>\n\t\t<div class=\"elementor-element elementor-element-4503bc8 e-flex e-con-boxed e-con e-parent\" data-id=\"4503bc8\" data-element_type=\"container\" id=\"recerca-origens\">\n\t\t\t\t\t<div class=\"e-con-inner\">\n\t\t<div class=\"elementor-element elementor-element-4e320bb e-con-full animated-slow e-flex elementor-invisible e-con e-child\" data-id=\"4e320bb\" data-element_type=\"container\" data-settings=\"{&quot;animation&quot;:&quot;fadeIn&quot;,&quot;animation_mobile&quot;:&quot;fadeInUp&quot;}\">\n\t\t\t\t<div class=\"elementor-element elementor-element-ad383b4 elementor-widget__width-initial elementor-widget elementor-widget-heading\" data-id=\"ad383b4\" data-element_type=\"widget\" data-widget_type=\"heading.default\">\n\t\t\t\t<div class=\"elementor-widget-container\">\n\t\t\t\t\t<h2 class=\"elementor-heading-title elementor-size-default\">B\u00fasqueda de Or\u00edgenes y Viaje de Retorno\n\n<\/h2>\t\t\t\t<\/div>\n\t\t\t\t<\/div>\n\t\t\t\t<div class=\"elementor-element elementor-element-3575f1a elementor-widget-divider--separator-type-pattern elementor-widget-divider--no-spacing elementor-widget-divider--view-line elementor-widget elementor-widget-divider\" data-id=\"3575f1a\" data-element_type=\"widget\" data-settings=\"{&quot;_animation&quot;:&quot;none&quot;}\" data-widget_type=\"divider.default\">\n\t\t\t\t<div class=\"elementor-widget-container\">\n\t\t\t\t\t\t\t<div class=\"elementor-divider\" style=\"--divider-pattern-url: url(&quot;data:image\/svg+xml,%3Csvg xmlns=&#039;http:\/\/www.w3.org\/2000\/svg&#039; preserveAspectRatio=&#039;xMidYMid meet&#039; overflow=&#039;visible&#039; height=&#039;100%&#039; viewBox=&#039;0 0 126 26&#039; fill=&#039;black&#039; stroke=&#039;none&#039;%3E%3Cpath d=&#039;M3,10.2c2.6,0,2.6,2,2.6,3.2S4.4,16.5,3,16.5s-3-1.4-3-3.2S0.4,10.2,3,10.2z M18.8,10.2c1.7,0,3.2,1.4,3.2,3.2s-1.4,3.2-3.2,3.2c-1.7,0-3.2-1.4-3.2-3.2S17,10.2,18.8,10.2z M34.6,10.2c1.5,0,2.6,1.4,2.6,3.2s-0.5,3.2-1.9,3.2c-1.5,0-3.4-1.4-3.4-3.2S33.1,10.2,34.6,10.2z M50.5,10.2c1.7,0,3.2,1.4,3.2,3.2s-1.4,3.2-3.2,3.2c-1.7,0-3.3-0.9-3.3-2.6S48.7,10.2,50.5,10.2z M66.2,10.2c1.5,0,3.4,1.4,3.4,3.2s-1.9,3.2-3.4,3.2c-1.5,0-2.6-0.4-2.6-2.1S64.8,10.2,66.2,10.2z M82.2,10.2c1.7,0.8,2.6,1.4,2.6,3.2s-0.1,3.2-1.6,3.2c-1.5,0-3.7-1.4-3.7-3.2S80.5,9.4,82.2,10.2zM98.6,10.2c1.5,0,2.6,0.4,2.6,2.1s-1.2,4.2-2.6,4.2c-1.5,0-3.7-0.4-3.7-2.1S97.1,10.2,98.6,10.2z M113.4,10.2c1.2,0,2.2,0.9,2.2,3.2s-0.1,3.2-1.3,3.2s-3.1-1.4-3.1-3.2S112.2,10.2,113.4,10.2z&#039;\/%3E%3C\/svg%3E&quot;);\">\n\t\t\t<span class=\"elementor-divider-separator\">\n\t\t\t\t\t\t<\/span>\n\t\t<\/div>\n\t\t\t\t\t\t<\/div>\n\t\t\t\t<\/div>\n\t\t\t\t<div class=\"elementor-element elementor-element-0a48332 elementor-widget__width-initial elementor-widget elementor-widget-text-editor\" data-id=\"0a48332\" data-element_type=\"widget\" data-widget_type=\"text-editor.default\">\n\t\t\t\t<div class=\"elementor-widget-container\">\n\t\t\t\t\t\t\t\t\t<p>La expresi\u00f3n \u201cb\u00fasqueda de or\u00edgenes\u201d hace referencia al conjunto de acciones que una persona adoptada o su familia llevan a cabo para conectar con su pasado preadoptivo. Esta b\u00fasqueda se traduce no s\u00f3lo en una b\u00fasqueda de la familia de origen, sino tambi\u00e9n de la cultura, la lengua y el pa\u00eds donde vivi\u00f3 antes de ser adoptado. La necesidad de completar y de saber, en definitiva, es lo que motiva el proceso de b\u00fasqueda de or\u00edgenes.  <\/p><p>La tendencia actual entre los especialistas es que esta b\u00fasqueda se debe hacer con una preparaci\u00f3n previa en la que el ni\u00f1o o ni\u00f1a, el adolescente, el joven o incluso el adulto, est\u00e9 acompa\u00f1ado de apoyo emocional por parte de profesionales de la mediaci\u00f3n, especialmente si se desea establecer contactos con la familia de origen.<\/p><p>La b\u00fasqueda parte, generalmente, de la necesidad individual de retomar lo perdido o de conocer lo desconocido, aunque en algunas ocasiones la familia o la persona adoptada no han buscado inicialmente estos contactos pero han aparecido de forma no deseada en su vida, provocando una crisis. Por ejemplo, puede tratarse de informaci\u00f3n que contradiga la recibida en el momento de la adopci\u00f3n. <\/p>\t\t\t\t\t\t\t\t<\/div>\n\t\t\t\t<\/div>\n\t\t\t\t<div class=\"elementor-element elementor-element-484ee6e elementor-widget elementor-widget-n-accordion\" data-id=\"484ee6e\" data-element_type=\"widget\" data-settings=\"{&quot;default_state&quot;:&quot;all_collapsed&quot;,&quot;max_items_expended&quot;:&quot;one&quot;,&quot;n_accordion_animation_duration&quot;:{&quot;unit&quot;:&quot;ms&quot;,&quot;size&quot;:400,&quot;sizes&quot;:[]}}\" data-widget_type=\"nested-accordion.default\">\n\t\t\t\t<div class=\"elementor-widget-container\">\n\t\t\t\t\t\t\t<div class=\"e-n-accordion\" aria-label=\"Accordion. Open links with Enter or Space, close with Escape, and navigate with Arrow Keys\">\n\t\t\t\t\t\t<details id=\"e-n-accordion-item-7580\" class=\"e-n-accordion-item\" >\n\t\t\t\t<summary class=\"e-n-accordion-item-title\" data-accordion-index=\"1\" tabindex=\"0\" aria-expanded=\"false\" aria-controls=\"e-n-accordion-item-7580\" >\n\t\t\t\t\t<span class='e-n-accordion-item-title-header'><h3 class=\"e-n-accordion-item-title-text\"> Saber m\u00e1s <\/h3><\/span>\n\t\t\t\t\t\t\t<span class='e-n-accordion-item-title-icon'>\n\t\t\t<span class='e-opened' ><i aria-hidden=\"true\" class=\"fas fa-chevron-up\"><\/i><\/span>\n\t\t\t<span class='e-closed'><i aria-hidden=\"true\" class=\"fas fa-chevron-down\"><\/i><\/span>\n\t\t<\/span>\n\n\t\t\t\t\t\t<\/summary>\n\t\t\t\t<div role=\"region\" aria-labelledby=\"e-n-accordion-item-7580\" class=\"elementor-element elementor-element-cee2af1 e-con-full e-flex e-con e-child\" data-id=\"cee2af1\" data-element_type=\"container\">\n\t\t\t\t<div class=\"elementor-element elementor-element-956c27f elementor-widget__width-initial elementor-widget elementor-widget-text-editor\" data-id=\"956c27f\" data-element_type=\"widget\" data-widget_type=\"text-editor.default\">\n\t\t\t\t<div class=\"elementor-widget-container\">\n\t\t\t\t\t\t\t\t\t<p>En ocasiones, el viaje de retorno lo inicia la propia familia adoptiva en un intento de obtener la mayor cantidad posible de informaci\u00f3n fiable de la vida preadoptiva de su hijo\/a antes de que el tiempo haga desaparecer las huellas de ese pasado. En estos casos tambi\u00e9n es importante contar con apoyo emocional para gestionar la informaci\u00f3n obtenida ya que puede tratarse de informaci\u00f3n sensible o inesperada. <\/p><p>En todos los casos, la mediaci\u00f3n implica la asistencia de una tercera persona que orienta hacia el entendimiento y la generaci\u00f3n de comprensi\u00f3n entre las partes. Sirve tambi\u00e9n para acercar expectativas poco realistas, flexibilizar creencias, disminuir miedos\u2026 Las dificultades para comunicarse por las diferencias de idioma, contrastes culturales, etc. hacen m\u00e1s necesaria la presencia de una tercera persona que sirva de puente entre ambas partes.  <\/p><p>En cualquier caso es fundamental tener presentes algunas cuestiones, teniendo en cuenta que hay tantos casos como familias y que no hay una f\u00f3rmula m\u00e1gica que sirva para todos.<\/p><p>Hay que mirar en primer lugar a los hijos y las hijas, si est\u00e1n motivados por el viaje, si tienen inter\u00e9s\u2026 Pero \u00bfqu\u00e9 ocurre si la necesidad de volver est\u00e1 en ellos y ellas y no en los padres y madres? \u00bfPodr\u00e1n acompa\u00f1arlos y sostenerlos emocionalmente de una forma adecuada? <\/p><p>Tambi\u00e9n es importante el tema de la vinculaci\u00f3n. Si no hay una vinculaci\u00f3n segura y sana, dependiendo de la edad, puede ser contraproducente. En este sentido es importante no confundir las necesidades de los padres y madres con las de los hijos. <\/p><p>Si se plantea como un viaje para que conozcan y valoren sus or\u00edgenes, visitando solo las bellezas naturales y el legado cultural del pa\u00eds, se tratar\u00eda de una visi\u00f3n sesgada de la realidad, ya que en todos los pa\u00edses hay cosas positivas y negativas.<\/p><p>Por otra parte, para los hijos e hijas ver que su familia tiene inter\u00e9s por encontrar sus ra\u00edces, incluida la familia biol\u00f3gica si hay datos suficientes para hacerlo, puede ayudarles a reconciliarse con su pasado.<\/p><p>En todo caso, es importante:<\/p><p>\u2013 Tener constancia de que los \u201cbuscadores\u201d sean de absoluta confianza, puesto que es frecuente que aparezcan intereses no deseados cuando se trata de temas sensibles. Unicef habla de la aparici\u00f3n de toda una \u201cindustria\u201d en torno a la adopci\u00f3n, por lo que ser\u00eda deseable que no surgiera ahora otra en torno a la \u201cb\u00fasqueda de or\u00edgenes\u201d. <\/p><p>\u2013 Para hacer un viaje de retorno a los or\u00edgenes de los hijos e hijas ser\u00eda interesante saber si los padres y madres han hecho el suyo propio y est\u00e1n reconciliados con su propia historia y su propio pasado. Si no es as\u00ed, \u00bfc\u00f3mo podr\u00e1n acompa\u00f1ar a sus hijos en la reconciliaci\u00f3n con sus or\u00edgenes? <\/p><p>\u2013 Independientemente del momento en que se haga o incluso si nunca se llega a hacer un viaje de retorno, lo m\u00e1s importante es honrar y reconocer los or\u00edgenes, tanto biol\u00f3gicos, como culturales, de nuestras hijas e hijos, aunque los primeros nos sean desconocidos y los segundos nos resulten ajenos.<\/p><p><strong>Margarita Mu\u00f1iz Aguilar<\/strong><br>\n  <strong>Instituto Familia y Adopci\u00f3n<\/strong>\n<\/p>\t\t\t\t\t\t\t\t<\/div>\n\t\t\t\t<\/div>\n\t\t\t\t<\/div>\n\t\t\t\t\t<\/details>\n\t\t\t\t\t\t<details id=\"e-n-accordion-item-7581\" class=\"e-n-accordion-item\" >\n\t\t\t\t<summary class=\"e-n-accordion-item-title\" data-accordion-index=\"2\" tabindex=\"-1\" aria-expanded=\"false\" aria-controls=\"e-n-accordion-item-7581\" >\n\t\t\t\t\t<span class='e-n-accordion-item-title-header'><h3 class=\"e-n-accordion-item-title-text\"> Testimonios <\/h3><\/span>\n\t\t\t\t\t\t\t<span class='e-n-accordion-item-title-icon'>\n\t\t\t<span class='e-opened' ><i aria-hidden=\"true\" class=\"fas fa-chevron-up\"><\/i><\/span>\n\t\t\t<span class='e-closed'><i aria-hidden=\"true\" class=\"fas fa-chevron-down\"><\/i><\/span>\n\t\t<\/span>\n\n\t\t\t\t\t\t<\/summary>\n\t\t\t\t<div role=\"region\" aria-labelledby=\"e-n-accordion-item-7581\" class=\"elementor-element elementor-element-7e6efb5 e-con-full e-flex e-con e-child\" data-id=\"7e6efb5\" data-element_type=\"container\">\n\t\t\t\t<div class=\"elementor-element elementor-element-02901b4 elementor-widget__width-initial elementor-widget elementor-widget-text-editor\" data-id=\"02901b4\" data-element_type=\"widget\" data-widget_type=\"text-editor.default\">\n\t\t\t\t<div class=\"elementor-widget-container\">\n\t\t\t\t\t\t\t\t\t<p>Algunos de nuestros socios han querido compartir con AFNE su experiencia. Aqu\u00ed ten\u00e9is sus testimonios. <\/p><p>\u2013 <a href=\"https:\/\/afne.org\/2018\/11\/cronica-viatge-etiopia\/\" target=\"_blank\" rel=\"noopener noreferrer\">Cesc Mas, padre de Tigist y Jonan<\/a><\/p><p>\u2013 <a href=\"https:\/\/afne.org\/2017\/09\/relat-del-viatge-de-retorn-a-etiopia-de-les-families-den-haile-i-en-girum-dos-etiops-madrilenys-de-12-anys\/\" target=\"_blank\" rel=\"noopener noreferrer\">Familias de Haile y Girum<\/a><\/p><p>\u2013 <a href=\"https:\/\/afne.org\/adopcio\/recerca-origens\/testimonis\/emma-mare-del-solomon-dodero\/\" target=\"_blank\" rel=\"noopener noreferrer\">Emma, madre de Solomon Dodero<\/a><\/p><p>\u2013 <a href=\"https:\/\/afne.org\/adopcio\/recerca-origens\/testimonis\/marc-planas-pare-de-yonas\/\" target=\"_blank\" rel=\"noopener noreferrer\">Marc Planas, padre de Yonas<\/a><\/p><p>\u2013 <a href=\"https:\/\/afne.org\/adopcio\/recerca-origens\/testimonis\/testimonis\/\" target=\"_blank\" rel=\"noopener noreferrer\">Anna Soler-Pont, madre de Ennatu<\/a><\/p>\t\t\t\t\t\t\t\t<\/div>\n\t\t\t\t<\/div>\n\t\t\t\t<\/div>\n\t\t\t\t\t<\/details>\n\t\t\t\t\t\t<details id=\"e-n-accordion-item-7582\" class=\"e-n-accordion-item\" >\n\t\t\t\t<summary class=\"e-n-accordion-item-title\" data-accordion-index=\"3\" tabindex=\"-1\" aria-expanded=\"false\" aria-controls=\"e-n-accordion-item-7582\" >\n\t\t\t\t\t<span class='e-n-accordion-item-title-header'><h3 class=\"e-n-accordion-item-title-text\"> Informaciones de Inter\u00e9s <\/h3><\/span>\n\t\t\t\t\t\t\t<span class='e-n-accordion-item-title-icon'>\n\t\t\t<span class='e-opened' ><i aria-hidden=\"true\" class=\"fas fa-chevron-up\"><\/i><\/span>\n\t\t\t<span class='e-closed'><i aria-hidden=\"true\" class=\"fas fa-chevron-down\"><\/i><\/span>\n\t\t<\/span>\n\n\t\t\t\t\t\t<\/summary>\n\t\t\t\t<div role=\"region\" aria-labelledby=\"e-n-accordion-item-7582\" class=\"elementor-element elementor-element-b9a7e0e e-flex e-con-boxed e-con e-child\" data-id=\"b9a7e0e\" data-element_type=\"container\">\n\t\t\t\t\t<div class=\"e-con-inner\">\n\t\t\t\t<div class=\"elementor-element elementor-element-5eb45c3 elementor-widget__width-initial elementor-widget elementor-widget-text-editor\" data-id=\"5eb45c3\" data-element_type=\"widget\" data-widget_type=\"text-editor.default\">\n\t\t\t\t<div class=\"elementor-widget-container\">\n\t\t\t\t\t\t\t\t\t<p>Algunas de les familias que han realizado el viaje de retorno han contado con la colaboraci\u00f3n de estos dos gu\u00edas tur\u00edsticos del pa\u00eds:<\/p>\t\t\t\t\t\t\t\t<\/div>\n\t\t\t\t<\/div>\n\t\t<div role=\"region\" aria-labelledby=\"e-n-accordion-item-7582\" class=\"elementor-element elementor-element-79571d6 e-con-full e-flex e-con e-child\" data-id=\"79571d6\" data-element_type=\"container\">\n\t\t\t\t<div class=\"elementor-element elementor-element-dcd96a6 elementor-widget__width-initial elementor-position-top elementor-widget elementor-widget-image-box\" data-id=\"dcd96a6\" data-element_type=\"widget\" data-widget_type=\"image-box.default\">\n\t\t\t\t<div class=\"elementor-widget-container\">\n\t\t\t\t\t<div class=\"elementor-image-box-wrapper\"><figure class=\"elementor-image-box-img\"><a href=\"https:\/\/www.afne.org\/es\/familias\/postadopcion\/abera-kumbi-guia-turistico\/\" target=\"_blank\" rel=\"nofollow\" tabindex=\"-1\"><img decoding=\"async\" width=\"240\" height=\"320\" src=\"https:\/\/www.afne.org\/wp-content\/uploads\/2025\/09\/Abera-Kumbi.jpg\" class=\"attachment-full size-full wp-image-23989\" alt=\"\" srcset=\"https:\/\/www.afne.org\/wp-content\/uploads\/2025\/09\/Abera-Kumbi.jpg 240w, https:\/\/www.afne.org\/wp-content\/uploads\/2025\/09\/Abera-Kumbi-225x300.jpg 225w\" sizes=\"(max-width: 240px) 100vw, 240px\" \/><\/a><\/figure><div class=\"elementor-image-box-content\"><h3 class=\"elementor-image-box-title\"><a href=\"https:\/\/www.afne.org\/es\/familias\/postadopcion\/abera-kumbi-guia-turistico\/\" target=\"_blank\" rel=\"nofollow\">Abera Kumbi, guia tur\u00edstico<\/a><\/h3><\/div><\/div>\t\t\t\t<\/div>\n\t\t\t\t<\/div>\n\t\t\t\t<div class=\"elementor-element elementor-element-a894101 elementor-widget__width-initial elementor-position-top elementor-widget elementor-widget-image-box\" data-id=\"a894101\" data-element_type=\"widget\" data-widget_type=\"image-box.default\">\n\t\t\t\t<div class=\"elementor-widget-container\">\n\t\t\t\t\t<div class=\"elementor-image-box-wrapper\"><figure class=\"elementor-image-box-img\"><a href=\"https:\/\/www.afne.org\/es\/familias\/postadopcion\/tilahun-belay-guia-turistico\/\" target=\"_blank\" rel=\"nofollow\" tabindex=\"-1\"><img loading=\"lazy\" decoding=\"async\" width=\"512\" height=\"683\" src=\"https:\/\/www.afne.org\/wp-content\/uploads\/2025\/09\/fotoTilahunBelay-e1561711882819.jpg\" class=\"attachment-full size-full wp-image-23992\" alt=\"\" srcset=\"https:\/\/www.afne.org\/wp-content\/uploads\/2025\/09\/fotoTilahunBelay-e1561711882819.jpg 512w, https:\/\/www.afne.org\/wp-content\/uploads\/2025\/09\/fotoTilahunBelay-e1561711882819-225x300.jpg 225w\" sizes=\"(max-width: 512px) 100vw, 512px\" \/><\/a><\/figure><div class=\"elementor-image-box-content\"><h3 class=\"elementor-image-box-title\"><a href=\"https:\/\/www.afne.org\/es\/familias\/postadopcion\/tilahun-belay-guia-turistico\/\" target=\"_blank\" rel=\"nofollow\">Tilahun Belay, gu\u00eda tur\u00edstico<\/a><\/h3><\/div><\/div>\t\t\t\t<\/div>\n\t\t\t\t<\/div>\n\t\t\t\t<\/div>\n\t\t\t\t\t<\/div>\n\t\t\t\t<\/div>\n\t\t\t\t\t<\/details>\n\t\t\t\t\t<\/div>\n\t\t\t\t\t\t<\/div>\n\t\t\t\t<\/div>\n\t\t\t\t<\/div>\n\t\t<div class=\"elementor-element elementor-element-3447415 e-con-full e-flex e-con e-child\" data-id=\"3447415\" data-element_type=\"container\">\n\t\t\t\t<div class=\"elementor-element elementor-element-5279862 elementor-widget elementor-widget-image\" data-id=\"5279862\" data-element_type=\"widget\" data-settings=\"{&quot;sticky&quot;:&quot;top&quot;,&quot;sticky_offset&quot;:100,&quot;sticky_parent&quot;:&quot;yes&quot;,&quot;sticky_on&quot;:[&quot;desktop&quot;,&quot;tablet&quot;],&quot;sticky_effects_offset&quot;:0,&quot;sticky_anchor_link_offset&quot;:0}\" data-widget_type=\"image.default\">\n\t\t\t\t<div class=\"elementor-widget-container\">\n\t\t\t\t\t\t\t\t\t\t\t\t\t\t\t<img loading=\"lazy\" decoding=\"async\" width=\"800\" height=\"534\" src=\"https:\/\/www.afne.org\/wp-content\/uploads\/2025\/09\/web-DSC_1473.jpg\" class=\"attachment-large size-large wp-image-22578\" alt=\"\" srcset=\"https:\/\/www.afne.org\/wp-content\/uploads\/2025\/09\/web-DSC_1473.jpg 1024w, https:\/\/www.afne.org\/wp-content\/uploads\/2025\/09\/web-DSC_1473-300x200.jpg 300w, https:\/\/www.afne.org\/wp-content\/uploads\/2025\/09\/web-DSC_1473-768x512.jpg 768w\" sizes=\"(max-width: 800px) 100vw, 800px\" \/>\t\t\t\t\t\t\t\t\t\t\t\t\t\t\t<\/div>\n\t\t\t\t<\/div>\n\t\t\t\t<\/div>\n\t\t\t\t\t<\/div>\n\t\t\t\t<\/div>\n\t\t<div class=\"elementor-element elementor-element-2faebc1 e-flex e-con-boxed elementor-invisible e-con e-parent\" data-id=\"2faebc1\" data-element_type=\"container\" data-settings=\"{&quot;animation&quot;:&quot;fadeInUp&quot;}\">\n\t\t\t\t\t<div class=\"e-con-inner\">\n\t\t\t\t<div class=\"elementor-element elementor-element-35ed6be elementor-widget elementor-widget-template\" data-id=\"35ed6be\" data-element_type=\"widget\" data-widget_type=\"template.default\">\n\t\t\t\t<div class=\"elementor-widget-container\">\n\t\t\t\t\t\t\t<div class=\"elementor-template\">\n\t\t\t\t\t<div data-elementor-type=\"section\" data-elementor-id=\"25114\" class=\"elementor elementor-25114 elementor-25110 elementor-25110\" data-elementor-post-type=\"elementor_library\">\n\t\t\t<div class=\"elementor-element elementor-element-d3a69e2 e-flex e-con-boxed elementor-invisible e-con e-parent\" data-id=\"d3a69e2\" data-element_type=\"container\" data-settings=\"{&quot;animation&quot;:&quot;fadeInUp&quot;}\">\n\t\t\t\t\t<div class=\"e-con-inner\">\n\t\t<div class=\"elementor-element elementor-element-4603240 mesh-test e-flex e-con-boxed e-con e-child\" data-id=\"4603240\" data-element_type=\"container\" data-settings=\"{&quot;background_motion_fx_translateY_effect&quot;:&quot;yes&quot;,&quot;background_motion_fx_translateY_speed&quot;:{&quot;unit&quot;:&quot;px&quot;,&quot;size&quot;:4,&quot;sizes&quot;:[]},&quot;background_motion_fx_translateY_affectedRange&quot;:{&quot;unit&quot;:&quot;%&quot;,&quot;size&quot;:&quot;&quot;,&quot;sizes&quot;:{&quot;start&quot;:0,&quot;end&quot;:100}},&quot;background_motion_fx_devices&quot;:[&quot;desktop&quot;,&quot;tablet&quot;,&quot;mobile&quot;]}\">\n\t\t\t\t\t<div class=\"e-con-inner\">\n\t\t\t\t<div class=\"elementor-element elementor-element-a6e1926 elementor-widget__width-initial elementor-widget elementor-widget-heading\" data-id=\"a6e1926\" data-element_type=\"widget\" data-widget_type=\"heading.default\">\n\t\t\t\t<div class=\"elementor-widget-container\">\n\t\t\t\t\t<h2 class=\"elementor-heading-title elementor-size-default\">Ay\u00fadanos a echar una mano<\/h2>\t\t\t\t<\/div>\n\t\t\t\t<\/div>\n\t\t\t\t<div class=\"elementor-element elementor-element-162b71e elementor-widget elementor-widget-text-editor\" data-id=\"162b71e\" data-element_type=\"widget\" data-widget_type=\"text-editor.default\">\n\t\t\t\t<div class=\"elementor-widget-container\">\n\t\t\t\t\t\t\t\t\t<p>Cada aportaci\u00f3n cuenta. Puedes colaborar de forma puntual o continuada, apadrinar proyectos concretos, participar en acciones solidarias o formar parte. <\/p><p>Elige la forma que m\u00e1s se adapte y ay\u00fadanos a seguir transformando vidas.<\/p>\t\t\t\t\t\t\t\t<\/div>\n\t\t\t\t<\/div>\n\t\t<div class=\"elementor-element elementor-element-8b3b7a7 e-con-full e-flex e-con e-child\" data-id=\"8b3b7a7\" data-element_type=\"container\">\n\t\t\t\t<div class=\"elementor-element elementor-element-930e901 elementor-widget elementor-widget-button\" data-id=\"930e901\" data-element_type=\"widget\" data-widget_type=\"button.default\">\n\t\t\t\t<div class=\"elementor-widget-container\">\n\t\t\t\t\t\t\t\t\t<div class=\"elementor-button-wrapper\">\n\t\t\t\t\t<a class=\"elementor-button elementor-button-link elementor-size-sm elementor-animation-pulse\" href=\"https:\/\/www.afne.org\/es\/colabora\/\">\n\t\t\t\t\t\t<span class=\"elementor-button-content-wrapper\">\n\t\t\t\t\t\t<span class=\"elementor-button-icon\">\n\t\t\t\t<i aria-hidden=\"true\" class=\"far fa-smile\"><\/i>\t\t\t<\/span>\n\t\t\t\t\t\t\t\t\t<span class=\"elementor-button-text\">Colabora<\/span>\n\t\t\t\t\t<\/span>\n\t\t\t\t\t<\/a>\n\t\t\t\t<\/div>\n\t\t\t\t\t\t\t\t<\/div>\n\t\t\t\t<\/div>\n\t\t\t\t<div class=\"elementor-element elementor-element-d692b59 elementor-widget elementor-widget-button\" data-id=\"d692b59\" data-element_type=\"widget\" data-widget_type=\"button.default\">\n\t\t\t\t<div class=\"elementor-widget-container\">\n\t\t\t\t\t\t\t\t\t<div class=\"elementor-button-wrapper\">\n\t\t\t\t\t<a class=\"elementor-button elementor-button-link elementor-size-sm elementor-animation-pulse\" href=\"https:\/\/www.afne.org\/es\/quienes-somos\/hazte-socio\/\">\n\t\t\t\t\t\t<span class=\"elementor-button-content-wrapper\">\n\t\t\t\t\t\t<span class=\"elementor-button-icon\">\n\t\t\t\t<i aria-hidden=\"true\" class=\"far fa-smile\"><\/i>\t\t\t<\/span>\n\t\t\t\t\t\t\t\t\t<span class=\"elementor-button-text\">\u00daNETE<\/span>\n\t\t\t\t\t<\/span>\n\t\t\t\t\t<\/a>\n\t\t\t\t<\/div>\n\t\t\t\t\t\t\t\t<\/div>\n\t\t\t\t<\/div>\n\t\t\t\t<\/div>\n\t\t\t\t\t<\/div>\n\t\t\t\t<\/div>\n\t\t<div class=\"elementor-element elementor-element-89a1c99 e-con-full e-flex e-con e-child\" data-id=\"89a1c99\" data-element_type=\"container\">\n\t\t\t\t<div class=\"elementor-element elementor-element-525b981 elementor-widget elementor-widget-html\" data-id=\"525b981\" data-element_type=\"widget\" data-widget_type=\"html.default\">\n\t\t\t\t<div class=\"elementor-widget-container\">\n\t\t\t\t\t<iframe src=\"https:\/\/www.teaming.net\/group\/spread\/widgets\/8AeSgqbqiV4FYmGMYuwTqDRssnKVFI3Wa3ufwZfIsxts3\/7?lang=ca_ES&amp;TM=true\" width=\"305\" height=\"567\" frameborder=\"0\" scrolling=\"no\" style=\"overflow: hidden; max-width: 100%; max-height: 521.3px;\" data-ruffle-polyfilled=\"\">\n<\/iframe>\n\t\t\t\t<\/div>\n\t\t\t\t<\/div>\n\t\t\t\t<\/div>\n\t\t\t\t\t<\/div>\n\t\t\t\t<\/div>\n\t\t\t\t<\/div>\n\t\t\t\t<\/div>\n\t\t\t\t\t\t<\/div>\n\t\t\t\t<\/div>\n\t\t\t\t\t<\/div>\n\t\t\t\t<\/div>\n\t\t\t\t<\/div>\n\t\t","protected":false},"excerpt":{"rendered":"<p>Acompa\u00f1amiento y recursos para las familias La postadopci\u00f3n es una etapa clave que va mucho m\u00e1s all\u00e1 de la llegada de un ni\u00f1o a la familia. En AFNE ofrecemos informaci\u00f3n y recursos para que las familias adoptivas puedan contar con apoyo en temas tan diversos como la salud de los ni\u00f1os, los seguimientos postadoptivos o [&hellip;]<\/p>\n","protected":false},"author":2,"featured_media":22572,"parent":24507,"menu_order":0,"comment_status":"closed","ping_status":"closed","template":"","meta":{"_acf_changed":false,"footnotes":""},"class_list":["post-24501","page","type-page","status-publish","has-post-thumbnail","hentry"],"acf":[],"yoast_head":"<!-- This site is optimized with the Yoast SEO plugin v26.4 - https:\/\/yoast.com\/wordpress\/plugins\/seo\/ -->\n<title>Postadopci\u00f3n - AFNE<\/title>\n<meta name=\"robots\" content=\"index, follow, max-snippet:-1, max-image-preview:large, max-video-preview:-1\" \/>\n<link rel=\"canonical\" href=\"https:\/\/www.afne.org\/es\/familias\/postadopcion\/\" \/>\n<meta property=\"og:locale\" content=\"es_ES\" \/>\n<meta property=\"og:type\" content=\"article\" \/>\n<meta property=\"og:title\" content=\"Postadopci\u00f3n - AFNE\" \/>\n<meta property=\"og:description\" content=\"Acompa\u00f1amiento y recursos para las familias La postadopci\u00f3n es una etapa clave que va mucho m\u00e1s all\u00e1 de la llegada de un ni\u00f1o a la familia. En AFNE ofrecemos informaci\u00f3n y recursos para que las familias adoptivas puedan contar con apoyo en temas tan diversos como la salud de los ni\u00f1os, los seguimientos postadoptivos o [&hellip;]\" \/>\n<meta property=\"og:url\" content=\"https:\/\/www.afne.org\/es\/familias\/postadopcion\/\" \/>\n<meta property=\"og:site_name\" content=\"AFNE\" \/>\n<meta property=\"article:publisher\" content=\"https:\/\/www.facebook.com\/afne.org\" \/>\n<meta property=\"article:modified_time\" content=\"2026-04-13T06:31:23+00:00\" \/>\n<meta property=\"og:image\" content=\"https:\/\/www.afne.org\/wp-content\/uploads\/2025\/09\/IMG_9048.jpg\" \/>\n\t<meta property=\"og:image:width\" content=\"640\" \/>\n\t<meta property=\"og:image:height\" content=\"480\" \/>\n\t<meta property=\"og:image:type\" content=\"image\/jpeg\" \/>\n<meta name=\"twitter:card\" content=\"summary_large_image\" \/>\n<meta name=\"twitter:label1\" content=\"Tiempo de lectura\" \/>\n\t<meta name=\"twitter:data1\" content=\"29 minutos\" \/>\n<script type=\"application\/ld+json\" class=\"yoast-schema-graph\">{\"@context\":\"https:\/\/schema.org\",\"@graph\":[{\"@type\":\"WebPage\",\"@id\":\"https:\/\/www.afne.org\/es\/familias\/postadopcion\/\",\"url\":\"https:\/\/www.afne.org\/es\/familias\/postadopcion\/\",\"name\":\"Postadopci\u00f3n - AFNE\",\"isPartOf\":{\"@id\":\"https:\/\/www.afne.org\/es\/#website\"},\"primaryImageOfPage\":{\"@id\":\"https:\/\/www.afne.org\/es\/familias\/postadopcion\/#primaryimage\"},\"image\":{\"@id\":\"https:\/\/www.afne.org\/es\/familias\/postadopcion\/#primaryimage\"},\"thumbnailUrl\":\"https:\/\/www.afne.org\/wp-content\/uploads\/2025\/09\/IMG_9048.jpg\",\"datePublished\":\"2025-08-21T12:39:09+00:00\",\"dateModified\":\"2026-04-13T06:31:23+00:00\",\"breadcrumb\":{\"@id\":\"https:\/\/www.afne.org\/es\/familias\/postadopcion\/#breadcrumb\"},\"inLanguage\":\"es\",\"potentialAction\":[{\"@type\":\"ReadAction\",\"target\":[\"https:\/\/www.afne.org\/es\/familias\/postadopcion\/\"]}]},{\"@type\":\"ImageObject\",\"inLanguage\":\"es\",\"@id\":\"https:\/\/www.afne.org\/es\/familias\/postadopcion\/#primaryimage\",\"url\":\"https:\/\/www.afne.org\/wp-content\/uploads\/2025\/09\/IMG_9048.jpg\",\"contentUrl\":\"https:\/\/www.afne.org\/wp-content\/uploads\/2025\/09\/IMG_9048.jpg\",\"width\":640,\"height\":480},{\"@type\":\"BreadcrumbList\",\"@id\":\"https:\/\/www.afne.org\/es\/familias\/postadopcion\/#breadcrumb\",\"itemListElement\":[{\"@type\":\"ListItem\",\"position\":1,\"name\":\"Inici\",\"item\":\"https:\/\/www.afne.org\/es\/\"},{\"@type\":\"ListItem\",\"position\":2,\"name\":\"Familias\",\"item\":\"https:\/\/www.afne.org\/es\/familias\/\"},{\"@type\":\"ListItem\",\"position\":3,\"name\":\"Postadopci\u00f3n\"}]},{\"@type\":\"WebSite\",\"@id\":\"https:\/\/www.afne.org\/es\/#website\",\"url\":\"https:\/\/www.afne.org\/es\/\",\"name\":\"AFNE\",\"description\":\"Units a Eti\u00f2pia\",\"publisher\":{\"@id\":\"https:\/\/www.afne.org\/es\/#organization\"},\"potentialAction\":[{\"@type\":\"SearchAction\",\"target\":{\"@type\":\"EntryPoint\",\"urlTemplate\":\"https:\/\/www.afne.org\/es\/?s={search_term_string}\"},\"query-input\":{\"@type\":\"PropertyValueSpecification\",\"valueRequired\":true,\"valueName\":\"search_term_string\"}}],\"inLanguage\":\"es\"},{\"@type\":\"Organization\",\"@id\":\"https:\/\/www.afne.org\/es\/#organization\",\"name\":\"Associaci\u00f3 de Fam\u00edlies de Nens i Nenes d\u2019Eti\u00f2pia\",\"url\":\"https:\/\/www.afne.org\/es\/\",\"logo\":{\"@type\":\"ImageObject\",\"inLanguage\":\"es\",\"@id\":\"https:\/\/www.afne.org\/es\/#\/schema\/logo\/image\/\",\"url\":\"https:\/\/www.afne.org\/wp-content\/uploads\/2025\/07\/logotip-afne.png\",\"contentUrl\":\"https:\/\/www.afne.org\/wp-content\/uploads\/2025\/07\/logotip-afne.png\",\"width\":200,\"height\":48,\"caption\":\"Associaci\u00f3 de Fam\u00edlies de Nens i Nenes d\u2019Eti\u00f2pia\"},\"image\":{\"@id\":\"https:\/\/www.afne.org\/es\/#\/schema\/logo\/image\/\"},\"sameAs\":[\"https:\/\/www.facebook.com\/afne.org\",\"https:\/\/www.instagram.com\/afne_etiopia\/\",\"https:\/\/www.youtube.com\/channel\/UCh-2Vrtq80T4SbmHu0u1Beg\",\"https:\/\/api.whatsapp.com\/message\/M2WZK3UT5QBFH1?autoload=1&app_absent=0\"]}]}<\/script>\n<!-- \/ Yoast SEO plugin. -->","yoast_head_json":{"title":"Postadopci\u00f3n - AFNE","robots":{"index":"index","follow":"follow","max-snippet":"max-snippet:-1","max-image-preview":"max-image-preview:large","max-video-preview":"max-video-preview:-1"},"canonical":"https:\/\/www.afne.org\/es\/familias\/postadopcion\/","og_locale":"es_ES","og_type":"article","og_title":"Postadopci\u00f3n - AFNE","og_description":"Acompa\u00f1amiento y recursos para las familias La postadopci\u00f3n es una etapa clave que va mucho m\u00e1s all\u00e1 de la llegada de un ni\u00f1o a la familia. En AFNE ofrecemos informaci\u00f3n y recursos para que las familias adoptivas puedan contar con apoyo en temas tan diversos como la salud de los ni\u00f1os, los seguimientos postadoptivos o [&hellip;]","og_url":"https:\/\/www.afne.org\/es\/familias\/postadopcion\/","og_site_name":"AFNE","article_publisher":"https:\/\/www.facebook.com\/afne.org","article_modified_time":"2026-04-13T06:31:23+00:00","og_image":[{"width":640,"height":480,"url":"https:\/\/www.afne.org\/wp-content\/uploads\/2025\/09\/IMG_9048.jpg","type":"image\/jpeg"}],"twitter_card":"summary_large_image","twitter_misc":{"Tiempo de lectura":"29 minutos"},"schema":{"@context":"https:\/\/schema.org","@graph":[{"@type":"WebPage","@id":"https:\/\/www.afne.org\/es\/familias\/postadopcion\/","url":"https:\/\/www.afne.org\/es\/familias\/postadopcion\/","name":"Postadopci\u00f3n - AFNE","isPartOf":{"@id":"https:\/\/www.afne.org\/es\/#website"},"primaryImageOfPage":{"@id":"https:\/\/www.afne.org\/es\/familias\/postadopcion\/#primaryimage"},"image":{"@id":"https:\/\/www.afne.org\/es\/familias\/postadopcion\/#primaryimage"},"thumbnailUrl":"https:\/\/www.afne.org\/wp-content\/uploads\/2025\/09\/IMG_9048.jpg","datePublished":"2025-08-21T12:39:09+00:00","dateModified":"2026-04-13T06:31:23+00:00","breadcrumb":{"@id":"https:\/\/www.afne.org\/es\/familias\/postadopcion\/#breadcrumb"},"inLanguage":"es","potentialAction":[{"@type":"ReadAction","target":["https:\/\/www.afne.org\/es\/familias\/postadopcion\/"]}]},{"@type":"ImageObject","inLanguage":"es","@id":"https:\/\/www.afne.org\/es\/familias\/postadopcion\/#primaryimage","url":"https:\/\/www.afne.org\/wp-content\/uploads\/2025\/09\/IMG_9048.jpg","contentUrl":"https:\/\/www.afne.org\/wp-content\/uploads\/2025\/09\/IMG_9048.jpg","width":640,"height":480},{"@type":"BreadcrumbList","@id":"https:\/\/www.afne.org\/es\/familias\/postadopcion\/#breadcrumb","itemListElement":[{"@type":"ListItem","position":1,"name":"Inici","item":"https:\/\/www.afne.org\/es\/"},{"@type":"ListItem","position":2,"name":"Familias","item":"https:\/\/www.afne.org\/es\/familias\/"},{"@type":"ListItem","position":3,"name":"Postadopci\u00f3n"}]},{"@type":"WebSite","@id":"https:\/\/www.afne.org\/es\/#website","url":"https:\/\/www.afne.org\/es\/","name":"AFNE","description":"Units a Eti\u00f2pia","publisher":{"@id":"https:\/\/www.afne.org\/es\/#organization"},"potentialAction":[{"@type":"SearchAction","target":{"@type":"EntryPoint","urlTemplate":"https:\/\/www.afne.org\/es\/?s={search_term_string}"},"query-input":{"@type":"PropertyValueSpecification","valueRequired":true,"valueName":"search_term_string"}}],"inLanguage":"es"},{"@type":"Organization","@id":"https:\/\/www.afne.org\/es\/#organization","name":"Associaci\u00f3 de Fam\u00edlies de Nens i Nenes d\u2019Eti\u00f2pia","url":"https:\/\/www.afne.org\/es\/","logo":{"@type":"ImageObject","inLanguage":"es","@id":"https:\/\/www.afne.org\/es\/#\/schema\/logo\/image\/","url":"https:\/\/www.afne.org\/wp-content\/uploads\/2025\/07\/logotip-afne.png","contentUrl":"https:\/\/www.afne.org\/wp-content\/uploads\/2025\/07\/logotip-afne.png","width":200,"height":48,"caption":"Associaci\u00f3 de Fam\u00edlies de Nens i Nenes d\u2019Eti\u00f2pia"},"image":{"@id":"https:\/\/www.afne.org\/es\/#\/schema\/logo\/image\/"},"sameAs":["https:\/\/www.facebook.com\/afne.org","https:\/\/www.instagram.com\/afne_etiopia\/","https:\/\/www.youtube.com\/channel\/UCh-2Vrtq80T4SbmHu0u1Beg","https:\/\/api.whatsapp.com\/message\/M2WZK3UT5QBFH1?autoload=1&app_absent=0"]}]}},"_links":{"self":[{"href":"https:\/\/www.afne.org\/es\/wp-json\/wp\/v2\/pages\/24501","targetHints":{"allow":["GET"]}}],"collection":[{"href":"https:\/\/www.afne.org\/es\/wp-json\/wp\/v2\/pages"}],"about":[{"href":"https:\/\/www.afne.org\/es\/wp-json\/wp\/v2\/types\/page"}],"author":[{"embeddable":true,"href":"https:\/\/www.afne.org\/es\/wp-json\/wp\/v2\/users\/2"}],"replies":[{"embeddable":true,"href":"https:\/\/www.afne.org\/es\/wp-json\/wp\/v2\/comments?post=24501"}],"version-history":[{"count":6,"href":"https:\/\/www.afne.org\/es\/wp-json\/wp\/v2\/pages\/24501\/revisions"}],"predecessor-version":[{"id":25201,"href":"https:\/\/www.afne.org\/es\/wp-json\/wp\/v2\/pages\/24501\/revisions\/25201"}],"up":[{"embeddable":true,"href":"https:\/\/www.afne.org\/es\/wp-json\/wp\/v2\/pages\/24507"}],"wp:featuredmedia":[{"embeddable":true,"href":"https:\/\/www.afne.org\/es\/wp-json\/wp\/v2\/media\/22572"}],"wp:attachment":[{"href":"https:\/\/www.afne.org\/es\/wp-json\/wp\/v2\/media?parent=24501"}],"curies":[{"name":"wp","href":"https:\/\/api.w.org\/{rel}","templated":true}]}}